{"id":12121,"date":"2020-04-28T23:40:44","date_gmt":"2020-04-28T21:40:44","guid":{"rendered":"https:\/\/www.pepiniere-boisdelalau.fr\/?page_id=12121"},"modified":"2024-03-14T00:56:42","modified_gmt":"2024-03-13T23:56:42","slug":"arbres","status":"publish","type":"page","link":"https:\/\/www.pepiniere-boisdelalau.fr\/index.php\/nos-plantes\/arbres\/","title":{"rendered":"Arbres"},"content":{"rendered":"\t\t<div data-elementor-type=\"wp-page\" data-elementor-id=\"12121\" class=\"elementor elementor-12121\">\n\t\t\t\t\t\t<section class=\"elementor-section elementor-top-section elementor-element elementor-element-0b71d37 elementor-section-boxed elementor-section-height-default elementor-section-height-default\" data-id=\"0b71d37\" data-element_type=\"section\" data-e-type=\"section\">\n\t\t\t\t\t\t<div class=\"elementor-container elementor-column-gap-default\">\n\t\t\t\t\t<div class=\"elementor-column elementor-col-100 elementor-top-column elementor-element elementor-element-93c6d5f\" data-id=\"93c6d5f\" data-element_type=\"column\" data-e-type=\"column\">\n\t\t\t<div class=\"elementor-widget-wrap elementor-element-populated\">\n\t\t\t\t\t\t<div class=\"elementor-element elementor-element-acbdf2a elementor-alert-warning elementor-hidden-desktop elementor-hidden-tablet elementor-hidden-phone elementor-widget elementor-widget-alert\" data-id=\"acbdf2a\" data-element_type=\"widget\" data-e-type=\"widget\" data-widget_type=\"alert.default\">\n\t\t\t\t<div class=\"elementor-widget-container\">\n\t\t\t\t\t\t\t<div class=\"elementor-alert\" role=\"alert\">\n\n\t\t\t\t\t\t<span class=\"elementor-alert-title\"><i aria-hidden=\"true\" style=\"color:#F3D617\" class=\"fas fa-info-circle\"><\/i> Service mise en place pendant et apr\u00e8s le confinement*.<\/span>\n\t\t\t\n\t\t\t\t\t\t<span class=\"elementor-alert-description\"><p>\nVeuillez retrouver toute l'actualit\u00e9 et service mis en place sur <a href=\"https:\/\/www.pepiniere-boisdelalau.fr\/index.php\/covid-19\/\"> cette page<\/a>. \n<\/p>\n<p>\n*  <font size=\"0.4 pt\">Nous maintenons le service jusqu'au 7 mai 2021.<\/font> \n<\/p>\n<div class=\"elementor-element elementor-element-23c101f elementor-button-warning elementor-widget elementor-widget-button\" data-id=\"23c101f\" data-element_type=\"widget\" data-widget_type=\"button.default\">\n<div class=\"elementor-widget-container\">\n<div class=\"elementor-button-wrapper\">\n<a href=\"https:\/\/www.pepiniere-boisdelalau.fr\/index.php\/covid-19\/\" rel=\"nofollow\" class=\"elementor-button-link elementor-button elementor-size-md\" role=\"button\">\n<span class=\"elementor-button-content-wrapper\">\n<span class=\"elementor-button-icon elementor-align-icon-left\">\n<\/span>\n<span class=\"elementor-button-text\">Service propos\u00e9<\/span>\n<\/span>\n<\/a>\n<\/div>\n<\/div>\n<\/div><\/span>\n\t\t\t\n\t\t\t\t\t\t<button type=\"button\" class=\"elementor-alert-dismiss\" aria-label=\"Ignorer cette alerte.\">\n\t\t\t\t\t\t\t\t\t<span aria-hidden=\"true\">&times;<\/span>\n\t\t\t\t\t\t\t<\/button>\n\t\t\t\n\t\t<\/div>\n\t\t\t\t\t\t<\/div>\n\t\t\t\t<\/div>\n\t\t\t\t\t<\/div>\n\t\t<\/div>\n\t\t\t\t\t<\/div>\n\t\t<\/section>\n\t\t\t\t<section class=\"elementor-section elementor-top-section elementor-element elementor-element-e3fdd70 elementor-section-boxed elementor-section-height-default elementor-section-height-default\" data-id=\"e3fdd70\" data-element_type=\"section\" data-e-type=\"section\">\n\t\t\t\t\t\t<div class=\"elementor-container elementor-column-gap-default\">\n\t\t\t\t\t<div class=\"elementor-column elementor-col-100 elementor-top-column elementor-element elementor-element-e718ed9\" data-id=\"e718ed9\" data-element_type=\"column\" data-e-type=\"column\">\n\t\t\t<div class=\"elementor-widget-wrap elementor-element-populated\">\n\t\t\t\t\t\t<section class=\"elementor-section elementor-inner-section elementor-element elementor-element-81c4135 elementor-section-boxed elementor-section-height-default elementor-section-height-default\" data-id=\"81c4135\" data-element_type=\"section\" data-e-type=\"section\">\n\t\t\t\t\t\t<div class=\"elementor-container elementor-column-gap-default\">\n\t\t\t\t\t<div class=\"elementor-column elementor-col-50 elementor-inner-column elementor-element elementor-element-2042cd7\" data-id=\"2042cd7\" data-element_type=\"column\" data-e-type=\"column\">\n\t\t\t<div class=\"elementor-widget-wrap elementor-element-populated\">\n\t\t\t\t\t\t<div class=\"elementor-element elementor-element-b417c81 elementor-widget elementor-widget-image\" data-id=\"b417c81\" data-element_type=\"widget\" data-e-type=\"widget\" data-widget_type=\"image.default\">\n\t\t\t\t<div class=\"elementor-widget-container\">\n\t\t\t\t\t\t\t\t\t\t\t\t\t\t\t<img decoding=\"async\" src=\"https:\/\/www.pepiniere-boisdelalau.fr\/wp-content\/plugins\/elementor\/assets\/images\/placeholder.png\" title=\"\" alt=\"\" loading=\"lazy\" \/>\t\t\t\t\t\t\t\t\t\t\t\t\t\t\t<\/div>\n\t\t\t\t<\/div>\n\t\t\t\t\t<\/div>\n\t\t<\/div>\n\t\t\t\t<div class=\"elementor-column elementor-col-50 elementor-inner-column elementor-element elementor-element-3695b0e\" data-id=\"3695b0e\" data-element_type=\"column\" data-e-type=\"column\">\n\t\t\t<div class=\"elementor-widget-wrap elementor-element-populated\">\n\t\t\t\t\t\t<div class=\"elementor-element elementor-element-570af56 elementor-widget elementor-widget-text-editor\" data-id=\"570af56\" data-element_type=\"widget\" data-e-type=\"widget\" data-widget_type=\"text-editor.default\">\n\t\t\t\t<div class=\"elementor-widget-container\">\n\t\t\t\t\t\t\t\t\t<h3>Catalpa<\/h3><div><h6>Nom latin : <em>Catalpa bignonioides<\/em>\u00a0 Famille : Bignoniaceae<\/h6><p>Le catalpa est un arbre rustique aux larges feuilles caducs. Sa floraison en juin &#8211; juillet en grappe conique, les fleurs blanches avec des petites taches rouges-brunes font en suite des gousses (comme des haricots). Il r\u00e9siste aux s\u00e8cheresses une fois bien implant\u00e9 (jeune, il faut l&rsquo;arros\u00e9 par grosse chaleur). <\/p><\/div>\t\t\t\t\t\t\t\t<\/div>\n\t\t\t\t<\/div>\n\t\t\t\t\t<\/div>\n\t\t<\/div>\n\t\t\t\t\t<\/div>\n\t\t<\/section>\n\t\t\t\t<section class=\"elementor-section elementor-inner-section elementor-element elementor-element-faf4d50 elementor-section-boxed elementor-section-height-default elementor-section-height-default\" data-id=\"faf4d50\" data-element_type=\"section\" data-e-type=\"section\">\n\t\t\t\t\t\t<div class=\"elementor-container elementor-column-gap-default\">\n\t\t\t\t\t<div class=\"elementor-column elementor-col-50 elementor-inner-column elementor-element elementor-element-e921163\" data-id=\"e921163\" data-element_type=\"column\" data-e-type=\"column\">\n\t\t\t<div class=\"elementor-widget-wrap elementor-element-populated\">\n\t\t\t\t\t\t<div class=\"elementor-element elementor-element-5d84e01 elementor-widget elementor-widget-image\" data-id=\"5d84e01\" data-element_type=\"widget\" data-e-type=\"widget\" data-widget_type=\"image.default\">\n\t\t\t\t<div class=\"elementor-widget-container\">\n\t\t\t\t\t\t\t\t\t\t\t\t\t\t\t<img decoding=\"async\" src=\"https:\/\/www.pepiniere-boisdelalau.fr\/wp-content\/plugins\/elementor\/assets\/images\/placeholder.png\" title=\"\" alt=\"\" loading=\"lazy\" \/>\t\t\t\t\t\t\t\t\t\t\t\t\t\t\t<\/div>\n\t\t\t\t<\/div>\n\t\t\t\t\t<\/div>\n\t\t<\/div>\n\t\t\t\t<div class=\"elementor-column elementor-col-50 elementor-inner-column elementor-element elementor-element-67629c9\" data-id=\"67629c9\" data-element_type=\"column\" data-e-type=\"column\">\n\t\t\t<div class=\"elementor-widget-wrap elementor-element-populated\">\n\t\t\t\t\t\t<div class=\"elementor-element elementor-element-52b536c elementor-widget elementor-widget-text-editor\" data-id=\"52b536c\" data-element_type=\"widget\" data-e-type=\"widget\" data-widget_type=\"text-editor.default\">\n\t\t\t\t<div class=\"elementor-widget-container\">\n\t\t\t\t\t\t\t\t\t<h3>C\u00e8dre du Liban<\/h3><div><h6>Nom latin : Cedrus libani\u00a0 Famille : <span class=\"LrzXr kno-fv wHYlTd z8gr9e\">Pinac\u00e9es<\/span><\/h6><p>Le c\u00e8dre du Liban, conif\u00e8re majestueux embl\u00e8me du <em>Liban,<\/em> est rustique.<\/p><\/div>\t\t\t\t\t\t\t\t<\/div>\n\t\t\t\t<\/div>\n\t\t\t\t\t<\/div>\n\t\t<\/div>\n\t\t\t\t\t<\/div>\n\t\t<\/section>\n\t\t\t\t<section class=\"elementor-section elementor-inner-section elementor-element elementor-element-5157e3c elementor-section-boxed elementor-section-height-default elementor-section-height-default\" data-id=\"5157e3c\" data-element_type=\"section\" data-e-type=\"section\">\n\t\t\t\t\t\t<div class=\"elementor-container elementor-column-gap-default\">\n\t\t\t\t\t<div class=\"elementor-column elementor-col-50 elementor-inner-column elementor-element elementor-element-d8ea430\" data-id=\"d8ea430\" data-element_type=\"column\" data-e-type=\"column\">\n\t\t\t<div class=\"elementor-widget-wrap elementor-element-populated\">\n\t\t\t\t\t\t<div class=\"elementor-element elementor-element-279d83b elementor-widget elementor-widget-image\" data-id=\"279d83b\" data-element_type=\"widget\" data-e-type=\"widget\" data-widget_type=\"image.default\">\n\t\t\t\t<div class=\"elementor-widget-container\">\n\t\t\t\t\t\t\t\t\t\t\t\t\t\t\t<img decoding=\"async\" src=\"https:\/\/www.pepiniere-boisdelalau.fr\/wp-content\/plugins\/elementor\/assets\/images\/placeholder.png\" title=\"\" alt=\"\" loading=\"lazy\" \/>\t\t\t\t\t\t\t\t\t\t\t\t\t\t\t<\/div>\n\t\t\t\t<\/div>\n\t\t\t\t\t<\/div>\n\t\t<\/div>\n\t\t\t\t<div class=\"elementor-column elementor-col-50 elementor-inner-column elementor-element elementor-element-e4b3f75\" data-id=\"e4b3f75\" data-element_type=\"column\" data-e-type=\"column\">\n\t\t\t<div class=\"elementor-widget-wrap elementor-element-populated\">\n\t\t\t\t\t\t<div class=\"elementor-element elementor-element-8ac870a elementor-widget__width-initial elementor-widget elementor-widget-text-editor\" data-id=\"8ac870a\" data-element_type=\"widget\" data-e-type=\"widget\" data-widget_type=\"text-editor.default\">\n\t\t\t\t<div class=\"elementor-widget-container\">\n\t\t\t\t\t\t\t\t\t<h3>Ch\u00eane li\u00e8ge<\/h3><div><h6>Nom latin : quercus suber\u00a0 Famille : Fagac\u00e9es<\/h6><p>Le ch\u00eane li\u00e8ge se distingue par sa rusticit\u00e9 et sa capacit\u00e9 \u00e0 r\u00e9sister efficacement \u00e0 la s\u00e9cheresse une fois bien enracin\u00e9. Son port arrondi, parfois tortueux, conf\u00e8re \u00e0 cet arbre majestueux une silhouette distinctive, tandis que son feuillage coriace, persistant et d&rsquo;un vert intense, ajoute \u00e0 son charme.<\/p><p>Peu exigeant en entretien et r\u00e9sistant aux maladies, le ch\u00eane li\u00e8ge offre un ajout majestueux et polyvalent aux paysages. Sa facilit\u00e9 d&rsquo;entretien et son aptitude \u00e0 s&rsquo;adapter en font un choix id\u00e9al pour divers environnements, ajoutant une touche de caract\u00e8re et de durabilit\u00e9.<\/p><blockquote><p style=\"text-align: center;\"><cite>Autrefois, il ornait fi\u00e8rement la for\u00eat de Sivens, o\u00f9 il a prosp\u00e9r\u00e9 avant d&rsquo;\u00eatre malheureusement abattu en 2014. En cette p\u00e9riode, l&rsquo;arbre d\u00e9passait les 70 ans, portant en lui l&rsquo;h\u00e9ritage de nombreuses saisons et t\u00e9moignant de sa robustesse et de sa rusticit\u00e9 au fil des d\u00e9cennies.<\/cite><\/p><\/blockquote><\/div>\t\t\t\t\t\t\t\t<\/div>\n\t\t\t\t<\/div>\n\t\t\t\t\t<\/div>\n\t\t<\/div>\n\t\t\t\t\t<\/div>\n\t\t<\/section>\n\t\t\t\t<section class=\"elementor-section elementor-inner-section elementor-element elementor-element-a95368e elementor-section-boxed elementor-section-height-default elementor-section-height-default\" data-id=\"a95368e\" data-element_type=\"section\" data-e-type=\"section\">\n\t\t\t\t\t\t<div class=\"elementor-container elementor-column-gap-default\">\n\t\t\t\t\t<div class=\"elementor-column elementor-col-50 elementor-inner-column elementor-element elementor-element-f029672\" data-id=\"f029672\" data-element_type=\"column\" data-e-type=\"column\">\n\t\t\t<div class=\"elementor-widget-wrap elementor-element-populated\">\n\t\t\t\t\t\t<div class=\"elementor-element elementor-element-8660465 elementor-widget elementor-widget-image\" data-id=\"8660465\" data-element_type=\"widget\" data-e-type=\"widget\" data-widget_type=\"image.default\">\n\t\t\t\t<div class=\"elementor-widget-container\">\n\t\t\t\t\t\t\t\t\t\t\t\t\t\t\t<img decoding=\"async\" src=\"https:\/\/www.pepiniere-boisdelalau.fr\/wp-content\/plugins\/elementor\/assets\/images\/placeholder.png\" title=\"\" alt=\"\" loading=\"lazy\" \/>\t\t\t\t\t\t\t\t\t\t\t\t\t\t\t<\/div>\n\t\t\t\t<\/div>\n\t\t\t\t\t<\/div>\n\t\t<\/div>\n\t\t\t\t<div class=\"elementor-column elementor-col-50 elementor-inner-column elementor-element elementor-element-b633ab1\" data-id=\"b633ab1\" data-element_type=\"column\" data-e-type=\"column\">\n\t\t\t<div class=\"elementor-widget-wrap elementor-element-populated\">\n\t\t\t\t\t\t<div class=\"elementor-element elementor-element-d5d10eb elementor-widget elementor-widget-text-editor\" data-id=\"d5d10eb\" data-element_type=\"widget\" data-e-type=\"widget\" data-widget_type=\"text-editor.default\">\n\t\t\t\t<div class=\"elementor-widget-container\">\n\t\t\t\t\t\t\t\t\t<h3>Ch\u00eane vert<\/h3><div><h6>Nom latin : quercus ilex Famille : Fagac\u00e9es<\/h6><p>Le ch\u00eane vert offre une pr\u00e9sence remarquable dans tout am\u00e9nagement paysager. Dot\u00e9 d&rsquo;un feuillage persistant d&rsquo;un vert fonc\u00e9, caract\u00e9ris\u00e9 par des feuilles coriaces et luisantes, il constitue une v\u00e9ritable attraction visuelle.<\/p><p>Ce ch\u00eane polyvalent peut \u00eatre plant\u00e9 de mani\u00e8re isol\u00e9e, en groupe, ou m\u00eame utilis\u00e9 pour cr\u00e9er des haies brise-vent. Son adaptabilit\u00e9 lui permet de prosp\u00e9rer aussi bien en plein soleil qu&rsquo;\u00e0 mi-ombre, et il s&rsquo;accommode avec succ\u00e8s \u00e0 divers types de sols. Son point fort r\u00e9side \u00e9galement dans sa r\u00e9sistance au froid, capable de supporter des temp\u00e9ratures aussi basses que -15\u00b0C, ce qui en fait un choix robuste et adapt\u00e9 \u00e0 notre r\u00e9gion.<\/p><p>Que ce soit pour embellir un espace en solo, former des bosquets captivants ou contribuer \u00e0 la cr\u00e9ation de barri\u00e8res naturelles, le ch\u00eane vert incarne la symbiose entre esth\u00e9tique et\u00a0r\u00e9sistance, faisant de lui un \u00e9l\u00e9ment incontournable dans le paysage.<\/p><\/div>\t\t\t\t\t\t\t\t<\/div>\n\t\t\t\t<\/div>\n\t\t\t\t\t<\/div>\n\t\t<\/div>\n\t\t\t\t\t<\/div>\n\t\t<\/section>\n\t\t\t\t<section class=\"elementor-section elementor-inner-section elementor-element elementor-element-e68b699 elementor-section-boxed elementor-section-height-default elementor-section-height-default\" data-id=\"e68b699\" data-element_type=\"section\" data-e-type=\"section\">\n\t\t\t\t\t\t<div class=\"elementor-container elementor-column-gap-default\">\n\t\t\t\t\t<div class=\"elementor-column elementor-col-50 elementor-inner-column elementor-element elementor-element-df24af5\" data-id=\"df24af5\" data-element_type=\"column\" data-e-type=\"column\">\n\t\t\t<div class=\"elementor-widget-wrap elementor-element-populated\">\n\t\t\t\t\t\t<div class=\"elementor-element elementor-element-f2cb895 elementor-widget elementor-widget-image\" data-id=\"f2cb895\" data-element_type=\"widget\" data-e-type=\"widget\" data-widget_type=\"image.default\">\n\t\t\t\t<div class=\"elementor-widget-container\">\n\t\t\t\t\t\t\t\t\t\t\t\t\t\t\t<img decoding=\"async\" src=\"https:\/\/www.pepiniere-boisdelalau.fr\/wp-content\/plugins\/elementor\/assets\/images\/placeholder.png\" title=\"\" alt=\"\" loading=\"lazy\" \/>\t\t\t\t\t\t\t\t\t\t\t\t\t\t\t<\/div>\n\t\t\t\t<\/div>\n\t\t\t\t\t<\/div>\n\t\t<\/div>\n\t\t\t\t<div class=\"elementor-column elementor-col-50 elementor-inner-column elementor-element elementor-element-cccf46e\" data-id=\"cccf46e\" data-element_type=\"column\" data-e-type=\"column\">\n\t\t\t<div class=\"elementor-widget-wrap elementor-element-populated\">\n\t\t\t\t\t\t<div class=\"elementor-element elementor-element-a7bacd7 elementor-widget elementor-widget-text-editor\" data-id=\"a7bacd7\" data-element_type=\"widget\" data-e-type=\"widget\" data-widget_type=\"text-editor.default\">\n\t\t\t\t<div class=\"elementor-widget-container\">\n\t\t\t\t\t\t\t\t\t<h3>Cormier<\/h3><div><h6>Nom latin : Sorbus domestica Famille : Rosaceae<\/h6><p>Le Cormier est un arbre fruitier. Originaire d&rsquo;Europe, cet arbre est c\u00e9l\u00e8bre pour ses fruits, les cormes, qui ressemblent \u00e0 de petites poires et sont appr\u00e9ci\u00e9s pour leur go\u00fbt sucr\u00e9 et l\u00e9g\u00e8rement acidul\u00e9. Les cormes sont riches en fibres et en vitamines, notamment en vitamine C, ce qui en fait un fruit b\u00e9n\u00e9fique pour la sant\u00e9.<\/p><p>Cet arbre \u00e0 feuilles caduques est dot\u00e9 de feuilles compos\u00e9es et dentel\u00e9es, qui prennent des teintes spectaculaires allant du jaune dor\u00e9 \u00e0 l&rsquo;orange vif en automne, ajoutant une touche de couleur \u00e0 l&rsquo;environnement. Au printemps, le Cormier produit des fleurs blanches en corymbes, attirant les abeilles et autres pollinisateurs.<\/p><p>Bien que sa croissance soit lente, le Cormier peut atteindre une taille respectable \u00e0 maturit\u00e9, faisant de lui un bel arbre ornemental dans les jardins et les parcs. En plus de son attrait esth\u00e9tique, il offre une valeur alimentaire et \u00e9cologique significative.<\/p><\/div>\t\t\t\t\t\t\t\t<\/div>\n\t\t\t\t<\/div>\n\t\t\t\t\t<\/div>\n\t\t<\/div>\n\t\t\t\t\t<\/div>\n\t\t<\/section>\n\t\t\t\t<section class=\"elementor-section elementor-inner-section elementor-element elementor-element-a3c0045 elementor-section-boxed elementor-section-height-default elementor-section-height-default\" data-id=\"a3c0045\" data-element_type=\"section\" data-e-type=\"section\">\n\t\t\t\t\t\t<div class=\"elementor-container elementor-column-gap-default\">\n\t\t\t\t\t<div class=\"elementor-column elementor-col-50 elementor-inner-column elementor-element elementor-element-54c5c12\" data-id=\"54c5c12\" data-element_type=\"column\" data-e-type=\"column\">\n\t\t\t<div class=\"elementor-widget-wrap elementor-element-populated\">\n\t\t\t\t\t\t<div class=\"elementor-element elementor-element-03dbddc elementor-widget elementor-widget-image\" data-id=\"03dbddc\" data-element_type=\"widget\" data-e-type=\"widget\" data-widget_type=\"image.default\">\n\t\t\t\t<div class=\"elementor-widget-container\">\n\t\t\t\t\t\t\t\t\t\t\t\t\t\t\t<img fetchpriority=\"high\" decoding=\"async\" width=\"768\" height=\"1024\" src=\"https:\/\/www.pepiniere-boisdelalau.fr\/wp-content\/uploads\/2023\/02\/Erable-2-768x1024.jpg\" class=\"attachment-large size-large wp-image-547852\" alt=\"\" srcset=\"https:\/\/www.pepiniere-boisdelalau.fr\/wp-content\/uploads\/2023\/02\/Erable-2-768x1024.jpg 768w, https:\/\/www.pepiniere-boisdelalau.fr\/wp-content\/uploads\/2023\/02\/Erable-2-225x300.jpg 225w, https:\/\/www.pepiniere-boisdelalau.fr\/wp-content\/uploads\/2023\/02\/Erable-2-1152x1536.jpg 1152w, https:\/\/www.pepiniere-boisdelalau.fr\/wp-content\/uploads\/2023\/02\/Erable-2-1536x2048.jpg 1536w, https:\/\/www.pepiniere-boisdelalau.fr\/wp-content\/uploads\/2023\/02\/Erable-2-scaled.jpg 1920w\" sizes=\"(max-width: 768px) 100vw, 768px\" \/>\t\t\t\t\t\t\t\t\t\t\t\t\t\t\t<\/div>\n\t\t\t\t<\/div>\n\t\t\t\t\t<\/div>\n\t\t<\/div>\n\t\t\t\t<div class=\"elementor-column elementor-col-50 elementor-inner-column elementor-element elementor-element-bb8855c\" data-id=\"bb8855c\" data-element_type=\"column\" data-e-type=\"column\">\n\t\t\t<div class=\"elementor-widget-wrap elementor-element-populated\">\n\t\t\t\t\t\t<div class=\"elementor-element elementor-element-dce07f8 elementor-widget elementor-widget-text-editor\" data-id=\"dce07f8\" data-element_type=\"widget\" data-e-type=\"widget\" data-widget_type=\"text-editor.default\">\n\t\t\t\t<div class=\"elementor-widget-container\">\n\t\t\t\t\t\t\t\t\t<h3>\u00c9rable champ\u00eatre<\/h3><h6>Nom Latin: \u00c9rable champ\u00eatre\u00a0 Famille :\u00a0<span class=\"LrzXr kno-fv wHYlTd z8gr9e\">Aceraceae<\/span><\/h6><div class=\"flex flex-grow flex-col max-w-full\"><div class=\"min-h-[20px] text-message flex flex-col items-start gap-3 whitespace-pre-wrap break-words [.text-message+&amp;]:mt-5 overflow-x-auto\" data-message-author-role=\"assistant\" data-message-id=\"467b7401-59ea-4fa3-93b7-aa79e66b4dc6\"><div class=\"markdown prose w-full break-words dark:prose-invert light\"><p>L&rsquo;\u00c9rable Champ\u00eatre, arbre au port rond et dense, se distingue par sa capacit\u00e9 \u00e0 apporter une touche de rusticit\u00e9 aux espaces plant\u00e9s. Une fois implant\u00e9, il r\u00e9v\u00e8le une r\u00e9sistance exceptionnelle \u00e0 la s\u00e8cheresse, ajoutant ainsi une dimension pratique \u00e0 son attrait esth\u00e9tique.<\/p><p>En automne, l&rsquo;\u00c9rable Champ\u00eatre offre un spectacle de couleurs \u00e9blouissantes, allant du dor\u00e9 au rouge orang\u00e9 et au bronze. Cette palette automnale, avec ses teintes vibrantes, positionne l&rsquo;\u00c9rable Champ\u00eatre comme un choix pris\u00e9 pour les am\u00e9nagements paysagers.<\/p><\/div><\/div><\/div>\t\t\t\t\t\t\t\t<\/div>\n\t\t\t\t<\/div>\n\t\t\t\t\t<\/div>\n\t\t<\/div>\n\t\t\t\t\t<\/div>\n\t\t<\/section>\n\t\t\t\t<section class=\"elementor-section elementor-inner-section elementor-element elementor-element-91ca3fb elementor-section-boxed elementor-section-height-default elementor-section-height-default\" data-id=\"91ca3fb\" data-element_type=\"section\" data-e-type=\"section\">\n\t\t\t\t\t\t<div class=\"elementor-container elementor-column-gap-default\">\n\t\t\t\t\t<div class=\"elementor-column elementor-col-50 elementor-inner-column elementor-element elementor-element-f3860b5\" data-id=\"f3860b5\" data-element_type=\"column\" data-e-type=\"column\">\n\t\t\t<div class=\"elementor-widget-wrap elementor-element-populated\">\n\t\t\t\t\t\t<div class=\"elementor-element elementor-element-6939975 elementor-widget elementor-widget-image\" data-id=\"6939975\" data-element_type=\"widget\" data-e-type=\"widget\" data-widget_type=\"image.default\">\n\t\t\t\t<div class=\"elementor-widget-container\">\n\t\t\t\t\t\t\t\t\t\t\t\t\t\t\t<img decoding=\"async\" src=\"https:\/\/www.pepiniere-boisdelalau.fr\/wp-content\/plugins\/elementor\/assets\/images\/placeholder.png\" title=\"\" alt=\"\" loading=\"lazy\" \/>\t\t\t\t\t\t\t\t\t\t\t\t\t\t\t<\/div>\n\t\t\t\t<\/div>\n\t\t\t\t\t<\/div>\n\t\t<\/div>\n\t\t\t\t<div class=\"elementor-column elementor-col-50 elementor-inner-column elementor-element elementor-element-6dec80e\" data-id=\"6dec80e\" data-element_type=\"column\" data-e-type=\"column\">\n\t\t\t<div class=\"elementor-widget-wrap elementor-element-populated\">\n\t\t\t\t\t\t<div class=\"elementor-element elementor-element-e5f505b elementor-widget elementor-widget-text-editor\" data-id=\"e5f505b\" data-element_type=\"widget\" data-e-type=\"widget\" data-widget_type=\"text-editor.default\">\n\t\t\t\t<div class=\"elementor-widget-container\">\n\t\t\t\t\t\t\t\t\t<h3>Eucalyptus <strong>Globulus<\/strong><\/h3><div><h6>Nom latin :\u00a0Eucalyptus\u00a0globulus.\u00a0 Famille : Myrtaceae<\/h6><div class=\"flex flex-grow flex-col max-w-full\"><div class=\"min-h-[20px] text-message flex flex-col items-start gap-3 whitespace-pre-wrap break-words [.text-message+&amp;]:mt-5 overflow-x-auto\" data-message-author-role=\"assistant\" data-message-id=\"67d4eae8-f775-4f71-bfac-84c7204340c1\"><div class=\"markdown prose w-full break-words dark:prose-invert light\"><p><strong>Eucalyptus Globulus:<\/strong><\/p><ul><li><em>Nom Latin:<\/em> Eucalyptus globulus<\/li><li><em>Famille:<\/em> Myrtaceae<\/li><\/ul><p>L&rsquo;Eucalyptus globulus, couramment d\u00e9sign\u00e9 sous le nom d&rsquo;Eucalyptus globuleux ou de Gommier bleu, tire ses racines des terres australiennes, plus pr\u00e9cis\u00e9ment de Tasmanie et d&rsquo;Australie. Reconnu pour sa croissance rapide, il s&rsquo;est r\u00e9pandu \u00e0 l&rsquo;\u00e9chelle mondiale en raison de ses nombreuses applications. Ses feuilles persistantes, de forme lanceol\u00e9e, d\u00e9gagent une fragrance distinctive, attribu\u00e9e \u00e0 la pr\u00e9sence d&rsquo;huiles essentielles.<\/p><p>D&rsquo;un point de vue esth\u00e9tique, les feuilles argent\u00e9es et l&rsquo;\u00e9corce qui se desquame de l&rsquo;Eucalyptus globulus en font un choix pris\u00e9 dans les jardins et parcs, apportant une dimension visuelle distinctive \u00e0 ces espaces verts. Cet arbre polyvalent incarne avec \u00e9l\u00e9gance l&rsquo;intersection harmonieuse entre les aspects fonctionnels et ornementaux au sein du r\u00e8gne v\u00e9g\u00e9tal.<\/p><p><strong>L\u00e9gende de l&rsquo;Eucalyptus Sylvestre:<\/strong><\/p><p>Une ancienne l\u00e9gende parmi les peuples aborig\u00e8nes raconte l&rsquo;histoire enchanteresse de l&rsquo;Eucalyptus sylvestre, une variante particuli\u00e8re de cet arbre empreinte d&rsquo;une connexion spirituelle unique. Selon la mythologie, chaque arbre de cette esp\u00e8ce portait en lui l&rsquo;esprit de la sagesse et de la vitalit\u00e9, un don g\u00e9n\u00e9reusement accord\u00e9 par un esprit bienveillant de la nature.<\/p><p>L&rsquo;Eucalyptus sylvestre se distinguait par sa croissance rapide, ses feuilles argent\u00e9es r\u00e9pandues par le vent, charg\u00e9es d&rsquo;huiles essentielles purifiantes. Ces propri\u00e9t\u00e9s, associ\u00e9es \u00e0 l&rsquo;\u00e9corce qui se desquamait, \u00e9taient interpr\u00e9t\u00e9es comme des symboles de renouveau et de lib\u00e9ration des fardeaux pass\u00e9s. V\u00e9n\u00e9r\u00e9 par les communaut\u00e9s autochtones, il devint le gardien de l&rsquo;\u00e9quilibre entre l&rsquo;utilit\u00e9 pratique et la beaut\u00e9 naturelle, \u00e9voluant pour devenir un symbole intemporel de r\u00e9silience, d&rsquo;harmonie et de connexion spirituelle avec la terre. Cette l\u00e9gende persiste aujourd&rsquo;hui, rappelant \u00e0 chacun la force et la gr\u00e2ce qui \u00e9manent de la nature qui nous entoure.<\/p><\/div><\/div><\/div><div>\u00a0<\/div><\/div>\t\t\t\t\t\t\t\t<\/div>\n\t\t\t\t<\/div>\n\t\t\t\t\t<\/div>\n\t\t<\/div>\n\t\t\t\t\t<\/div>\n\t\t<\/section>\n\t\t\t\t<section class=\"elementor-section elementor-inner-section elementor-element elementor-element-9f1eafa elementor-section-boxed elementor-section-height-default elementor-section-height-default\" data-id=\"9f1eafa\" data-element_type=\"section\" data-e-type=\"section\">\n\t\t\t\t\t\t<div class=\"elementor-container elementor-column-gap-default\">\n\t\t\t\t\t<div class=\"elementor-column elementor-col-50 elementor-inner-column elementor-element elementor-element-3374b6c\" data-id=\"3374b6c\" data-element_type=\"column\" data-e-type=\"column\">\n\t\t\t<div class=\"elementor-widget-wrap elementor-element-populated\">\n\t\t\t\t\t\t<div class=\"elementor-element elementor-element-d4fe687 elementor-widget elementor-widget-image\" data-id=\"d4fe687\" data-element_type=\"widget\" data-e-type=\"widget\" data-widget_type=\"image.default\">\n\t\t\t\t<div class=\"elementor-widget-container\">\n\t\t\t\t\t\t\t\t\t\t\t\t\t\t\t<img decoding=\"async\" width=\"768\" height=\"1024\" src=\"https:\/\/www.pepiniere-boisdelalau.fr\/wp-content\/uploads\/2023\/02\/Fevier-dAmerique-768x1024.jpg\" class=\"attachment-large size-large wp-image-547846\" alt=\"\" srcset=\"https:\/\/www.pepiniere-boisdelalau.fr\/wp-content\/uploads\/2023\/02\/Fevier-dAmerique-768x1024.jpg 768w, https:\/\/www.pepiniere-boisdelalau.fr\/wp-content\/uploads\/2023\/02\/Fevier-dAmerique-225x300.jpg 225w, https:\/\/www.pepiniere-boisdelalau.fr\/wp-content\/uploads\/2023\/02\/Fevier-dAmerique-1152x1536.jpg 1152w, https:\/\/www.pepiniere-boisdelalau.fr\/wp-content\/uploads\/2023\/02\/Fevier-dAmerique-1536x2048.jpg 1536w, https:\/\/www.pepiniere-boisdelalau.fr\/wp-content\/uploads\/2023\/02\/Fevier-dAmerique-scaled.jpg 1920w\" sizes=\"(max-width: 768px) 100vw, 768px\" \/>\t\t\t\t\t\t\t\t\t\t\t\t\t\t\t<\/div>\n\t\t\t\t<\/div>\n\t\t\t\t\t<\/div>\n\t\t<\/div>\n\t\t\t\t<div class=\"elementor-column elementor-col-50 elementor-inner-column elementor-element elementor-element-5d451ae\" data-id=\"5d451ae\" data-element_type=\"column\" data-e-type=\"column\">\n\t\t\t<div class=\"elementor-widget-wrap elementor-element-populated\">\n\t\t\t\t\t\t<div class=\"elementor-element elementor-element-8b8cc36 elementor-widget elementor-widget-text-editor\" data-id=\"8b8cc36\" data-element_type=\"widget\" data-e-type=\"widget\" data-widget_type=\"text-editor.default\">\n\t\t\t\t<div class=\"elementor-widget-container\">\n\t\t\t\t\t\t\t\t\t<h3>F\u00e9vier d&rsquo;Am\u00e9rique<\/h3><div><h6>Nom latin : Gleditsia triacanthos\u00a0 Famille : Fabaceae<\/h6><p>Le F\u00e9vier d&rsquo;Am\u00e9rique, natif d&rsquo;Am\u00e9rique du Nord, pr\u00e9sente une allure majestueuse qui capte le regard par la d\u00e9licatesse de son feuillage et l&rsquo;\u00e9l\u00e9gance de sa silhouette. Ses feuilles compos\u00e9es et ses \u00e9pines ac\u00e9r\u00e9es conf\u00e8rent \u00e0 cet arbre une singularit\u00e9 incontestable.<\/p><p>Adapt\u00e9 \u00e0 une diversit\u00e9 de sols et r\u00e9sistant aux contraintes des environnements urbains, le F\u00e9vier d&rsquo;Am\u00e9rique prosp\u00e8re avec une croissance rapide, devenant ainsi un choix pris\u00e9 pour ornementer les espaces verts et les parcs. Durant la saison estivale, ses gousses pendantes ajoutent une touche d\u00e9corative distinctive, soulignant son charme naturel. Sa robustesse et sa capacit\u00e9 \u00e0 s&rsquo;adapter \u00e0 des environnements divers en font un atout pr\u00e9cieux.<\/p><p>Pour garantir son d\u00e9veloppement optimal, une exposition ensoleill\u00e9e demeure cruciale. Ainsi, le F\u00e9vier d&rsquo;Am\u00e9rique se r\u00e9v\u00e8le \u00eatre un choix judicieux, offrant une harmonie entre majest\u00e9 et r\u00e9sistance pour enrichir les espaces verts.<\/p><\/div>\t\t\t\t\t\t\t\t<\/div>\n\t\t\t\t<\/div>\n\t\t\t\t\t<\/div>\n\t\t<\/div>\n\t\t\t\t\t<\/div>\n\t\t<\/section>\n\t\t\t\t<section class=\"elementor-section elementor-inner-section elementor-element elementor-element-152c546 elementor-section-boxed elementor-section-height-default elementor-section-height-default\" data-id=\"152c546\" data-element_type=\"section\" data-e-type=\"section\">\n\t\t\t\t\t\t<div class=\"elementor-container elementor-column-gap-default\">\n\t\t\t\t\t<div class=\"elementor-column elementor-col-50 elementor-inner-column elementor-element elementor-element-165406b\" data-id=\"165406b\" data-element_type=\"column\" data-e-type=\"column\">\n\t\t\t<div class=\"elementor-widget-wrap elementor-element-populated\">\n\t\t\t\t\t\t<div class=\"elementor-element elementor-element-39dfb86 elementor-widget elementor-widget-image\" data-id=\"39dfb86\" data-element_type=\"widget\" data-e-type=\"widget\" data-widget_type=\"image.default\">\n\t\t\t\t<div class=\"elementor-widget-container\">\n\t\t\t\t\t\t\t\t\t\t\t\t\t\t\t<img decoding=\"async\" width=\"768\" height=\"1024\" src=\"https:\/\/www.pepiniere-boisdelalau.fr\/wp-content\/uploads\/2023\/02\/Fevier-dAmerique-768x1024.jpg\" class=\"attachment-large size-large wp-image-547846\" alt=\"\" srcset=\"https:\/\/www.pepiniere-boisdelalau.fr\/wp-content\/uploads\/2023\/02\/Fevier-dAmerique-768x1024.jpg 768w, https:\/\/www.pepiniere-boisdelalau.fr\/wp-content\/uploads\/2023\/02\/Fevier-dAmerique-225x300.jpg 225w, https:\/\/www.pepiniere-boisdelalau.fr\/wp-content\/uploads\/2023\/02\/Fevier-dAmerique-1152x1536.jpg 1152w, https:\/\/www.pepiniere-boisdelalau.fr\/wp-content\/uploads\/2023\/02\/Fevier-dAmerique-1536x2048.jpg 1536w, https:\/\/www.pepiniere-boisdelalau.fr\/wp-content\/uploads\/2023\/02\/Fevier-dAmerique-scaled.jpg 1920w\" sizes=\"(max-width: 768px) 100vw, 768px\" \/>\t\t\t\t\t\t\t\t\t\t\t\t\t\t\t<\/div>\n\t\t\t\t<\/div>\n\t\t\t\t\t<\/div>\n\t\t<\/div>\n\t\t\t\t<div class=\"elementor-column elementor-col-50 elementor-inner-column elementor-element elementor-element-43bb343\" data-id=\"43bb343\" data-element_type=\"column\" data-e-type=\"column\">\n\t\t\t<div class=\"elementor-widget-wrap elementor-element-populated\">\n\t\t\t\t\t\t<div class=\"elementor-element elementor-element-d199081 elementor-widget elementor-widget-text-editor\" data-id=\"d199081\" data-element_type=\"widget\" data-e-type=\"widget\" data-widget_type=\"text-editor.default\">\n\t\t\t\t<div class=\"elementor-widget-container\">\n\t\t\t\t\t\t\t\t\t<h3><strong>F\u00e9vier d&rsquo;Am\u00e9rique sans \u00c9pines<\/strong><\/h3><div><h6>Nom latin :\u00a0 Gleditsia triacanthos f. inermis\u00a0 Famille : Fabaceae<\/h6><p>Le F\u00e9vier d&rsquo;Am\u00e9rique sans \u00e9pines, variante du Gleditsia triacanthos, originaire d&rsquo;Am\u00e9rique du Nord, s\u00e9duit par son allure majestueuse, mettant en avant la d\u00e9licatesse de son feuillage et l&rsquo;\u00e9l\u00e9gance de sa silhouette. L&rsquo;absence d&rsquo;\u00e9pines sur ses branches n&rsquo;alt\u00e8re en rien sa singularit\u00e9.<\/p><p>Adapt\u00e9 \u00e0 divers sols et r\u00e9sistant aux contraintes des environnements urbains, le F\u00e9vier d&rsquo;Am\u00e9rique sans \u00e9pines s&rsquo;\u00e9panouit avec une croissance rapide, devenant ainsi un choix pris\u00e9 pour l&#8217;embellissement des espaces verts et des parcs. Durant la saison estivale, ses gousses pendantes ajoutent une touche d\u00e9corative distinctive, soulignant son charme naturel. Sa robustesse et son aptitude \u00e0 s&rsquo;adapter \u00e0 des environnements vari\u00e9s font de cette vari\u00e9t\u00e9 une pr\u00e9cieuse addition.<\/p><p>Avec son \u00e9quilibre entre \u00e9l\u00e9gance et r\u00e9sistance, le F\u00e9vier d&rsquo;Am\u00e9rique sans \u00e9pines offre une opportunit\u00e9 d&rsquo;instaurer une atmosph\u00e8re enchanteresse dans vos jardins, invitant \u00e0 une exp\u00e9rience visuelle et sensorielle captivante.<\/p><\/div>\t\t\t\t\t\t\t\t<\/div>\n\t\t\t\t<\/div>\n\t\t\t\t\t<\/div>\n\t\t<\/div>\n\t\t\t\t\t<\/div>\n\t\t<\/section>\n\t\t\t\t<section class=\"elementor-section elementor-inner-section elementor-element elementor-element-5c4a941 elementor-section-boxed elementor-section-height-default elementor-section-height-default\" data-id=\"5c4a941\" data-element_type=\"section\" data-e-type=\"section\">\n\t\t\t\t\t\t<div class=\"elementor-container elementor-column-gap-default\">\n\t\t\t\t\t<div class=\"elementor-column elementor-col-50 elementor-inner-column elementor-element elementor-element-a102e0f\" data-id=\"a102e0f\" data-element_type=\"column\" data-e-type=\"column\">\n\t\t\t<div class=\"elementor-widget-wrap elementor-element-populated\">\n\t\t\t\t\t\t<div class=\"elementor-element elementor-element-f4e1a46 elementor-widget elementor-widget-image\" data-id=\"f4e1a46\" data-element_type=\"widget\" data-e-type=\"widget\" data-widget_type=\"image.default\">\n\t\t\t\t<div class=\"elementor-widget-container\">\n\t\t\t\t\t\t\t\t\t\t\t\t\t\t\t<img decoding=\"async\" src=\"https:\/\/www.pepiniere-boisdelalau.fr\/wp-content\/plugins\/elementor\/assets\/images\/placeholder.png\" title=\"\" alt=\"\" loading=\"lazy\" \/>\t\t\t\t\t\t\t\t\t\t\t\t\t\t\t<\/div>\n\t\t\t\t<\/div>\n\t\t\t\t\t<\/div>\n\t\t<\/div>\n\t\t\t\t<div class=\"elementor-column elementor-col-50 elementor-inner-column elementor-element elementor-element-537895d\" data-id=\"537895d\" data-element_type=\"column\" data-e-type=\"column\">\n\t\t\t<div class=\"elementor-widget-wrap elementor-element-populated\">\n\t\t\t\t\t\t<div class=\"elementor-element elementor-element-2e50e2b elementor-widget elementor-widget-text-editor\" data-id=\"2e50e2b\" data-element_type=\"widget\" data-e-type=\"widget\" data-widget_type=\"text-editor.default\">\n\t\t\t\t<div class=\"elementor-widget-container\">\n\t\t\t\t\t\t\t\t\t<h3>Ginkgo biloba<\/h3><div><h6>Nom latin : Ginkgo biloba\u00a0 Famille : Ginkgoaceae<\/h6><p>Le Ginkgo biloba, commun\u00e9ment appel\u00e9 le ginkgo ou l&rsquo;arbre aux quarante \u00e9cus, est une esp\u00e8ce d&rsquo;arbre originaire de Chine, reconnue pour sa long\u00e9vit\u00e9 exceptionnelle et sa robustesse face aux maladies. Ses feuilles en \u00e9ventail, d&rsquo;un vert vif en \u00e9t\u00e9, offrent un spectacle visuel unique en virant au jaune \u00e9clatant \u00e0 l&rsquo;automne.<\/p><p>Cet arbre, t\u00e9moignant de millions d&rsquo;ann\u00e9es \u00e0 traverser les m\u00e9andres du temps, est renomm\u00e9 pour ses propri\u00e9t\u00e9s m\u00e9dicinales. Ces derni\u00e8res sont attribu\u00e9es \u00e0 des compos\u00e9s bioactifs, notamment les flavono\u00efdes et les terp\u00e9no\u00efdes. Les extraits de feuilles de Ginkgo biloba sont fr\u00e9quemment utilis\u00e9s en phytoth\u00e9rapie, contribuant ainsi au bien-\u00eatre g\u00e9n\u00e9ral.<\/p><p>Durant les premi\u00e8res ann\u00e9es, assurez-vous d&rsquo;arroser, surtout par temps sec et il est pr\u00e9conis\u00e9 de l&rsquo;ombrager pendant cette p\u00e9riode initiale. Cependant, le ginkgo est r\u00e9sistant \u00e0 la s\u00e9cheresse une fois \u00e9tabli. En tant que v\u00e9ritable fossile vivant, cette plante ancienne continue de captiver l&rsquo;attention, non seulement pour ses multiples usages, mais aussi pour son impact significatif dans des contextes vari\u00e9s, qu&rsquo;ils soient culturels ou botaniques.<\/p><p><!-- [if gte mso 9]><xml>\n <w:WordDocument>\n  <w:View>Normal<\/w:View>\n  <w:Zoom>0<\/w:Zoom>\n  <w:TrackMoves\/>\n  <w:TrackFormatting\/>\n  <w:HyphenationZone>21<\/w:HyphenationZone>\n  <w:PunctuationKerning\/>\n  <w:ValidateAgainstSchemas\/>\n  <w:SaveIfXMLInvalid>false<\/w:SaveIfXMLInvalid>\n  <w:IgnoreMixedContent>false<\/w:IgnoreMixedContent>\n  <w:AlwaysShowPlaceholderText>false<\/w:AlwaysShowPlaceholderText>\n  <w:DoNotPromoteQF\/>\n  <w:LidThemeOther>FR<\/w:LidThemeOther>\n  <w:LidThemeAsian>X-NONE<\/w:LidThemeAsian>\n  <w:LidThemeComplexScript>X-NONE<\/w:LidThemeComplexScript>\n  <w:Compatibility>\n   <w:BreakWrappedTables\/>\n   <w:SnapToGridInCell\/>\n   <w:WrapTextWithPunct\/>\n   <w:UseAsianBreakRules\/>\n   <w:DontGrowAutofit\/>\n   <w:SplitPgBreakAndParaMark\/>\n   <w:DontVertAlignCellWithSp\/>\n   <w:DontBreakConstrainedForcedTables\/>\n   <w:DontVertAlignInTxbx\/>\n   <w:Word11KerningPairs\/>\n   <w:CachedColBalance\/>\n  <\/w:Compatibility>\n  <m:mathPr>\n   <m:mathFont m:val=\"Cambria Math\"\/>\n   <m:brkBin m:val=\"before\"\/>\n   <m:brkBinSub m:val=\"&#45;-\"\/>\n   <m:smallFrac m:val=\"off\"\/>\n   <m:dispDef\/>\n   <m:lMargin m:val=\"0\"\/>\n   <m:rMargin m:val=\"0\"\/>\n   <m:defJc m:val=\"centerGroup\"\/>\n   <m:wrapIndent m:val=\"1440\"\/>\n   <m:intLim m:val=\"subSup\"\/>\n   <m:naryLim m:val=\"undOvr\"\/>\n  <\/m:mathPr><\/w:WordDocument>\n<\/xml><![endif]--><!-- [if gte mso 9]><xml>\n <w:LatentStyles DefLockedState=\"false\" DefUnhideWhenUsed=\"true\"\n  DefSemiHidden=\"true\" DefQFormat=\"false\" DefPriority=\"99\"\n  LatentStyleCount=\"267\">\n  <w:LsdException Locked=\"false\" Priority=\"0\" SemiHidden=\"false\"\n   UnhideWhenUsed=\"false\" QFormat=\"true\" Name=\"Normal\"\/>\n  <w:LsdException Locked=\"false\" Priority=\"9\" SemiHidden=\"false\"\n   UnhideWhenUsed=\"false\" QFormat=\"true\" Name=\"heading 1\"\/>\n  <w:LsdException Locked=\"false\" Priority=\"9\" QFormat=\"true\" Name=\"heading 2\"\/>\n  <w:LsdException Locked=\"false\" Priority=\"9\" QFormat=\"true\" Name=\"heading 3\"\/>\n  <w:LsdException Locked=\"false\" Priority=\"9\" QFormat=\"true\" Name=\"heading 4\"\/>\n  <w:LsdException Locked=\"false\" Priority=\"9\" QFormat=\"true\" Name=\"heading 5\"\/>\n  <w:LsdException Locked=\"false\" Priority=\"9\" QFormat=\"true\" Name=\"heading 6\"\/>\n  <w:LsdException Locked=\"false\" Priority=\"9\" QFormat=\"true\" Name=\"heading 7\"\/>\n  <w:LsdException Locked=\"false\" Priority=\"9\" QFormat=\"true\" Name=\"heading 8\"\/>\n  <w:LsdException Locked=\"false\" Priority=\"9\" QFormat=\"true\" Name=\"heading 9\"\/>\n  <w:LsdException Locked=\"false\" Priority=\"39\" Name=\"toc 1\"\/>\n  <w:LsdException Locked=\"false\" Priority=\"39\" Name=\"toc 2\"\/>\n  <w:LsdException Locked=\"false\" Priority=\"39\" Name=\"toc 3\"\/>\n  <w:LsdException Locked=\"false\" Priority=\"39\" Name=\"toc 4\"\/>\n  <w:LsdException Locked=\"false\" Priority=\"39\" Name=\"toc 5\"\/>\n  <w:LsdException Locked=\"false\" Priority=\"39\" Name=\"toc 6\"\/>\n  <w:LsdException Locked=\"false\" Priority=\"39\" Name=\"toc 7\"\/>\n  <w:LsdException Locked=\"false\" Priority=\"39\" Name=\"toc 8\"\/>\n  <w:LsdException Locked=\"false\" Priority=\"39\" Name=\"toc 9\"\/>\n  <w:LsdException Locked=\"false\" Priority=\"35\" QFormat=\"true\" Name=\"caption\"\/>\n  <w:LsdException Locked=\"false\" Priority=\"10\" SemiHidden=\"false\"\n   UnhideWhenUsed=\"false\" QFormat=\"true\" Name=\"Title\"\/>\n  <w:LsdException Locked=\"false\" Priority=\"1\" Name=\"Default Paragraph Font\"\/>\n  <w:LsdException Locked=\"false\" Priority=\"11\" SemiHidden=\"false\"\n   UnhideWhenUsed=\"false\" QFormat=\"true\" Name=\"Subtitle\"\/>\n  <w:LsdException Locked=\"false\" Priority=\"22\" SemiHidden=\"false\"\n   UnhideWhenUsed=\"false\" QFormat=\"true\" Name=\"Strong\"\/>\n  <w:LsdException Locked=\"false\" Priority=\"20\" SemiHidden=\"false\"\n   UnhideWhenUsed=\"false\" QFormat=\"true\" Name=\"Emphasis\"\/>\n  <w:LsdException Locked=\"false\" Priority=\"59\" SemiHidden=\"false\"\n   UnhideWhenUsed=\"false\" Name=\"Table Grid\"\/>\n  <w:LsdException Locked=\"false\" UnhideWhenUsed=\"false\" Name=\"Placeholder Text\"\/>\n  <w:LsdException Locked=\"false\" Priority=\"1\" SemiHidden=\"false\"\n   UnhideWhenUsed=\"false\" QFormat=\"true\" Name=\"No Spacing\"\/>\n  <w:LsdException Locked=\"false\" Priority=\"60\" SemiHidden=\"false\"\n   UnhideWhenUsed=\"false\" Name=\"Light Shading\"\/>\n  <w:LsdException Locked=\"false\" Priority=\"61\" SemiHidden=\"false\"\n   UnhideWhenUsed=\"false\" Name=\"Light List\"\/>\n  <w:LsdException Locked=\"false\" Priority=\"62\" SemiHidden=\"false\"\n   UnhideWhenUsed=\"false\" Name=\"Light Grid\"\/>\n  <w:LsdException Locked=\"false\" Priority=\"63\" SemiHidden=\"false\"\n   UnhideWhenUsed=\"false\" Name=\"Medium Shading 1\"\/>\n  <w:LsdException Locked=\"false\" Priority=\"64\" SemiHidden=\"false\"\n   UnhideWhenUsed=\"false\" Name=\"Medium Shading 2\"\/>\n  <w:LsdException Locked=\"false\" Priority=\"65\" SemiHidden=\"false\"\n   UnhideWhenUsed=\"false\" Name=\"Medium List 1\"\/>\n  <w:LsdException Locked=\"false\" Priority=\"66\" SemiHidden=\"false\"\n   UnhideWhenUsed=\"false\" Name=\"Medium List 2\"\/>\n  <w:LsdException Locked=\"false\" Priority=\"67\" SemiHidden=\"false\"\n   UnhideWhenUsed=\"false\" Name=\"Medium Grid 1\"\/>\n  <w:LsdException Locked=\"false\" Priority=\"68\" SemiHidden=\"false\"\n   UnhideWhenUsed=\"false\" Name=\"Medium Grid 2\"\/>\n  <w:LsdException Locked=\"false\" Priority=\"69\" SemiHidden=\"false\"\n   UnhideWhenUsed=\"false\" Name=\"Medium Grid 3\"\/>\n  <w:LsdException Locked=\"false\" Priority=\"70\" SemiHidden=\"false\"\n   UnhideWhenUsed=\"false\" Name=\"Dark List\"\/>\n  <w:LsdException Locked=\"false\" Priority=\"71\" SemiHidden=\"false\"\n   UnhideWhenUsed=\"false\" Name=\"Colorful Shading\"\/>\n  <w:LsdException Locked=\"false\" Priority=\"72\" SemiHidden=\"false\"\n   UnhideWhenUsed=\"false\" Name=\"Colorful List\"\/>\n  <w:LsdException Locked=\"false\" Priority=\"73\" SemiHidden=\"false\"\n   UnhideWhenUsed=\"false\" Name=\"Colorful Grid\"\/>\n  <w:LsdException Locked=\"false\" Priority=\"60\" SemiHidden=\"false\"\n   UnhideWhenUsed=\"false\" Name=\"Light Shading Accent 1\"\/>\n  <w:LsdException Locked=\"false\" Priority=\"61\" SemiHidden=\"false\"\n   UnhideWhenUsed=\"false\" Name=\"Light List Accent 1\"\/>\n  <w:LsdException Locked=\"false\" Priority=\"62\" SemiHidden=\"false\"\n   UnhideWhenUsed=\"false\" Name=\"Light Grid Accent 1\"\/>\n  <w:LsdException Locked=\"false\" Priority=\"63\" SemiHidden=\"false\"\n   UnhideWhenUsed=\"false\" Name=\"Medium Shading 1 Accent 1\"\/>\n  <w:LsdException Locked=\"false\" Priority=\"64\" SemiHidden=\"false\"\n   UnhideWhenUsed=\"false\" Name=\"Medium Shading 2 Accent 1\"\/>\n  <w:LsdException Locked=\"false\" Priority=\"65\" SemiHidden=\"false\"\n   UnhideWhenUsed=\"false\" Name=\"Medium List 1 Accent 1\"\/>\n  <w:LsdException Locked=\"false\" UnhideWhenUsed=\"false\" Name=\"Revision\"\/>\n  <w:LsdException Locked=\"false\" Priority=\"34\" SemiHidden=\"false\"\n   UnhideWhenUsed=\"false\" QFormat=\"true\" Name=\"List Paragraph\"\/>\n  <w:LsdException Locked=\"false\" Priority=\"29\" SemiHidden=\"false\"\n   UnhideWhenUsed=\"false\" QFormat=\"true\" Name=\"Quote\"\/>\n  <w:LsdException Locked=\"false\" Priority=\"30\" SemiHidden=\"false\"\n   UnhideWhenUsed=\"false\" QFormat=\"true\" Name=\"Intense Quote\"\/>\n  <w:LsdException Locked=\"false\" Priority=\"66\" SemiHidden=\"false\"\n   UnhideWhenUsed=\"false\" Name=\"Medium List 2 Accent 1\"\/>\n  <w:LsdException Locked=\"false\" Priority=\"67\" SemiHidden=\"false\"\n   UnhideWhenUsed=\"false\" Name=\"Medium Grid 1 Accent 1\"\/>\n  <w:LsdException Locked=\"false\" Priority=\"68\" SemiHidden=\"false\"\n   UnhideWhenUsed=\"false\" Name=\"Medium Grid 2 Accent 1\"\/>\n  <w:LsdException Locked=\"false\" Priority=\"69\" SemiHidden=\"false\"\n   UnhideWhenUsed=\"false\" Name=\"Medium Grid 3 Accent 1\"\/>\n  <w:LsdException Locked=\"false\" Priority=\"70\" SemiHidden=\"false\"\n   UnhideWhenUsed=\"false\" Name=\"Dark List Accent 1\"\/>\n  <w:LsdException Locked=\"false\" Priority=\"71\" SemiHidden=\"false\"\n   UnhideWhenUsed=\"false\" Name=\"Colorful Shading Accent 1\"\/>\n  <w:LsdException Locked=\"false\" Priority=\"72\" SemiHidden=\"false\"\n   UnhideWhenUsed=\"false\" Name=\"Colorful List Accent 1\"\/>\n  <w:LsdException Locked=\"false\" Priority=\"73\" SemiHidden=\"false\"\n   UnhideWhenUsed=\"false\" Name=\"Colorful Grid Accent 1\"\/>\n  <w:LsdException Locked=\"false\" Priority=\"60\" SemiHidden=\"false\"\n   UnhideWhenUsed=\"false\" Name=\"Light Shading Accent 2\"\/>\n  <w:LsdException Locked=\"false\" Priority=\"61\" SemiHidden=\"false\"\n   UnhideWhenUsed=\"false\" Name=\"Light List Accent 2\"\/>\n  <w:LsdException Locked=\"false\" Priority=\"62\" SemiHidden=\"false\"\n   UnhideWhenUsed=\"false\" Name=\"Light Grid Accent 2\"\/>\n  <w:LsdException Locked=\"false\" Priority=\"63\" SemiHidden=\"false\"\n   UnhideWhenUsed=\"false\" Name=\"Medium Shading 1 Accent 2\"\/>\n  <w:LsdException Locked=\"false\" Priority=\"64\" SemiHidden=\"false\"\n   UnhideWhenUsed=\"false\" Name=\"Medium Shading 2 Accent 2\"\/>\n  <w:LsdException Locked=\"false\" Priority=\"65\" SemiHidden=\"false\"\n   UnhideWhenUsed=\"false\" Name=\"Medium List 1 Accent 2\"\/>\n  <w:LsdException Locked=\"false\" Priority=\"66\" SemiHidden=\"false\"\n   UnhideWhenUsed=\"false\" Name=\"Medium List 2 Accent 2\"\/>\n  <w:LsdException Locked=\"false\" Priority=\"67\" SemiHidden=\"false\"\n   UnhideWhenUsed=\"false\" Name=\"Medium Grid 1 Accent 2\"\/>\n  <w:LsdException Locked=\"false\" Priority=\"68\" SemiHidden=\"false\"\n   UnhideWhenUsed=\"false\" Name=\"Medium Grid 2 Accent 2\"\/>\n  <w:LsdException Locked=\"false\" Priority=\"69\" SemiHidden=\"false\"\n   UnhideWhenUsed=\"false\" Name=\"Medium Grid 3 Accent 2\"\/>\n  <w:LsdException Locked=\"false\" Priority=\"70\" SemiHidden=\"false\"\n   UnhideWhenUsed=\"false\" Name=\"Dark List Accent 2\"\/>\n  <w:LsdException Locked=\"false\" Priority=\"71\" SemiHidden=\"false\"\n   UnhideWhenUsed=\"false\" Name=\"Colorful Shading Accent 2\"\/>\n  <w:LsdException Locked=\"false\" Priority=\"72\" SemiHidden=\"false\"\n   UnhideWhenUsed=\"false\" Name=\"Colorful List Accent 2\"\/>\n  <w:LsdException Locked=\"false\" Priority=\"73\" SemiHidden=\"false\"\n   UnhideWhenUsed=\"false\" Name=\"Colorful Grid Accent 2\"\/>\n  <w:LsdException Locked=\"false\" Priority=\"60\" SemiHidden=\"false\"\n   UnhideWhenUsed=\"false\" Name=\"Light Shading Accent 3\"\/>\n  <w:LsdException Locked=\"false\" Priority=\"61\" SemiHidden=\"false\"\n   UnhideWhenUsed=\"false\" Name=\"Light List Accent 3\"\/>\n  <w:LsdException Locked=\"false\" Priority=\"62\" SemiHidden=\"false\"\n   UnhideWhenUsed=\"false\" Name=\"Light Grid Accent 3\"\/>\n  <w:LsdException Locked=\"false\" Priority=\"63\" SemiHidden=\"false\"\n   UnhideWhenUsed=\"false\" Name=\"Medium Shading 1 Accent 3\"\/>\n  <w:LsdException Locked=\"false\" Priority=\"64\" SemiHidden=\"false\"\n   UnhideWhenUsed=\"false\" Name=\"Medium Shading 2 Accent 3\"\/>\n  <w:LsdException Locked=\"false\" Priority=\"65\" SemiHidden=\"false\"\n   UnhideWhenUsed=\"false\" Name=\"Medium List 1 Accent 3\"\/>\n  <w:LsdException Locked=\"false\" Priority=\"66\" SemiHidden=\"false\"\n   UnhideWhenUsed=\"false\" Name=\"Medium List 2 Accent 3\"\/>\n  <w:LsdException Locked=\"false\" Priority=\"67\" SemiHidden=\"false\"\n   UnhideWhenUsed=\"false\" Name=\"Medium Grid 1 Accent 3\"\/>\n  <w:LsdException Locked=\"false\" Priority=\"68\" SemiHidden=\"false\"\n   UnhideWhenUsed=\"false\" Name=\"Medium Grid 2 Accent 3\"\/>\n  <w:LsdException Locked=\"false\" Priority=\"69\" SemiHidden=\"false\"\n   UnhideWhenUsed=\"false\" Name=\"Medium Grid 3 Accent 3\"\/>\n  <w:LsdException Locked=\"false\" Priority=\"70\" SemiHidden=\"false\"\n   UnhideWhenUsed=\"false\" Name=\"Dark List Accent 3\"\/>\n  <w:LsdException Locked=\"false\" Priority=\"71\" SemiHidden=\"false\"\n   UnhideWhenUsed=\"false\" Name=\"Colorful Shading Accent 3\"\/>\n  <w:LsdException Locked=\"false\" Priority=\"72\" SemiHidden=\"false\"\n   UnhideWhenUsed=\"false\" Name=\"Colorful List Accent 3\"\/>\n  <w:LsdException Locked=\"false\" Priority=\"73\" SemiHidden=\"false\"\n   UnhideWhenUsed=\"false\" Name=\"Colorful Grid Accent 3\"\/>\n  <w:LsdException Locked=\"false\" Priority=\"60\" SemiHidden=\"false\"\n   UnhideWhenUsed=\"false\" Name=\"Light Shading Accent 4\"\/>\n  <w:LsdException Locked=\"false\" Priority=\"61\" SemiHidden=\"false\"\n   UnhideWhenUsed=\"false\" Name=\"Light List Accent 4\"\/>\n  <w:LsdException Locked=\"false\" Priority=\"62\" SemiHidden=\"false\"\n   UnhideWhenUsed=\"false\" Name=\"Light Grid Accent 4\"\/>\n  <w:LsdException Locked=\"false\" Priority=\"63\" SemiHidden=\"false\"\n   UnhideWhenUsed=\"false\" Name=\"Medium Shading 1 Accent 4\"\/>\n  <w:LsdException Locked=\"false\" Priority=\"64\" SemiHidden=\"false\"\n   UnhideWhenUsed=\"false\" Name=\"Medium Shading 2 Accent 4\"\/>\n  <w:LsdException Locked=\"false\" Priority=\"65\" SemiHidden=\"false\"\n   UnhideWhenUsed=\"false\" Name=\"Medium List 1 Accent 4\"\/>\n  <w:LsdException Locked=\"false\" Priority=\"66\" SemiHidden=\"false\"\n   UnhideWhenUsed=\"false\" Name=\"Medium List 2 Accent 4\"\/>\n  <w:LsdException Locked=\"false\" Priority=\"67\" SemiHidden=\"false\"\n   UnhideWhenUsed=\"false\" Name=\"Medium Grid 1 Accent 4\"\/>\n  <w:LsdException Locked=\"false\" Priority=\"68\" SemiHidden=\"false\"\n   UnhideWhenUsed=\"false\" Name=\"Medium Grid 2 Accent 4\"\/>\n  <w:LsdException Locked=\"false\" Priority=\"69\" SemiHidden=\"false\"\n   UnhideWhenUsed=\"false\" Name=\"Medium Grid 3 Accent 4\"\/>\n  <w:LsdException Locked=\"false\" Priority=\"70\" SemiHidden=\"false\"\n   UnhideWhenUsed=\"false\" Name=\"Dark List Accent 4\"\/>\n  <w:LsdException Locked=\"false\" Priority=\"71\" SemiHidden=\"false\"\n   UnhideWhenUsed=\"false\" Name=\"Colorful Shading Accent 4\"\/>\n  <w:LsdException Locked=\"false\" Priority=\"72\" SemiHidden=\"false\"\n   UnhideWhenUsed=\"false\" Name=\"Colorful List Accent 4\"\/>\n  <w:LsdException Locked=\"false\" Priority=\"73\" SemiHidden=\"false\"\n   UnhideWhenUsed=\"false\" Name=\"Colorful Grid Accent 4\"\/>\n  <w:LsdException Locked=\"false\" Priority=\"60\" SemiHidden=\"false\"\n   UnhideWhenUsed=\"false\" Name=\"Light Shading Accent 5\"\/>\n  <w:LsdException Locked=\"false\" Priority=\"61\" SemiHidden=\"false\"\n   UnhideWhenUsed=\"false\" Name=\"Light List Accent 5\"\/>\n  <w:LsdException Locked=\"false\" Priority=\"62\" SemiHidden=\"false\"\n   UnhideWhenUsed=\"false\" Name=\"Light Grid Accent 5\"\/>\n  <w:LsdException Locked=\"false\" Priority=\"63\" SemiHidden=\"false\"\n   UnhideWhenUsed=\"false\" Name=\"Medium Shading 1 Accent 5\"\/>\n  <w:LsdException Locked=\"false\" Priority=\"64\" SemiHidden=\"false\"\n   UnhideWhenUsed=\"false\" Name=\"Medium Shading 2 Accent 5\"\/>\n  <w:LsdException Locked=\"false\" Priority=\"65\" SemiHidden=\"false\"\n   UnhideWhenUsed=\"false\" Name=\"Medium List 1 Accent 5\"\/>\n  <w:LsdException Locked=\"false\" Priority=\"66\" SemiHidden=\"false\"\n   UnhideWhenUsed=\"false\" Name=\"Medium List 2 Accent 5\"\/>\n  <w:LsdException Locked=\"false\" Priority=\"67\" SemiHidden=\"false\"\n   UnhideWhenUsed=\"false\" Name=\"Medium Grid 1 Accent 5\"\/>\n  <w:LsdException Locked=\"false\" Priority=\"68\" SemiHidden=\"false\"\n   UnhideWhenUsed=\"false\" Name=\"Medium Grid 2 Accent 5\"\/>\n  <w:LsdException Locked=\"false\" Priority=\"69\" SemiHidden=\"false\"\n   UnhideWhenUsed=\"false\" Name=\"Medium Grid 3 Accent 5\"\/>\n  <w:LsdException Locked=\"false\" Priority=\"70\" SemiHidden=\"false\"\n   UnhideWhenUsed=\"false\" Name=\"Dark List Accent 5\"\/>\n  <w:LsdException Locked=\"false\" Priority=\"71\" SemiHidden=\"false\"\n   UnhideWhenUsed=\"false\" Name=\"Colorful Shading Accent 5\"\/>\n  <w:LsdException Locked=\"false\" Priority=\"72\" SemiHidden=\"false\"\n   UnhideWhenUsed=\"false\" Name=\"Colorful List Accent 5\"\/>\n  <w:LsdException Locked=\"false\" Priority=\"73\" SemiHidden=\"false\"\n   UnhideWhenUsed=\"false\" Name=\"Colorful Grid Accent 5\"\/>\n  <w:LsdException Locked=\"false\" Priority=\"60\" SemiHidden=\"false\"\n   UnhideWhenUsed=\"false\" Name=\"Light Shading Accent 6\"\/>\n  <w:LsdException Locked=\"false\" Priority=\"61\" SemiHidden=\"false\"\n   UnhideWhenUsed=\"false\" Name=\"Light List Accent 6\"\/>\n  <w:LsdException Locked=\"false\" Priority=\"62\" SemiHidden=\"false\"\n   UnhideWhenUsed=\"false\" Name=\"Light Grid Accent 6\"\/>\n  <w:LsdException Locked=\"false\" Priority=\"63\" SemiHidden=\"false\"\n   UnhideWhenUsed=\"false\" Name=\"Medium Shading 1 Accent 6\"\/>\n  <w:LsdException Locked=\"false\" Priority=\"64\" SemiHidden=\"false\"\n   UnhideWhenUsed=\"false\" Name=\"Medium Shading 2 Accent 6\"\/>\n  <w:LsdException Locked=\"false\" Priority=\"65\" SemiHidden=\"false\"\n   UnhideWhenUsed=\"false\" Name=\"Medium List 1 Accent 6\"\/>\n  <w:LsdException Locked=\"false\" Priority=\"66\" SemiHidden=\"false\"\n   UnhideWhenUsed=\"false\" Name=\"Medium List 2 Accent 6\"\/>\n  <w:LsdException Locked=\"false\" Priority=\"67\" SemiHidden=\"false\"\n   UnhideWhenUsed=\"false\" Name=\"Medium Grid 1 Accent 6\"\/>\n  <w:LsdException Locked=\"false\" Priority=\"68\" SemiHidden=\"false\"\n   UnhideWhenUsed=\"false\" Name=\"Medium Grid 2 Accent 6\"\/>\n  <w:LsdException Locked=\"false\" Priority=\"69\" SemiHidden=\"false\"\n   UnhideWhenUsed=\"false\" Name=\"Medium Grid 3 Accent 6\"\/>\n  <w:LsdException Locked=\"false\" Priority=\"70\" SemiHidden=\"false\"\n   UnhideWhenUsed=\"false\" Name=\"Dark List Accent 6\"\/>\n  <w:LsdException Locked=\"false\" Priority=\"71\" SemiHidden=\"false\"\n   UnhideWhenUsed=\"false\" Name=\"Colorful Shading Accent 6\"\/>\n  <w:LsdException Locked=\"false\" Priority=\"72\" SemiHidden=\"false\"\n   UnhideWhenUsed=\"false\" Name=\"Colorful List Accent 6\"\/>\n  <w:LsdException Locked=\"false\" Priority=\"73\" SemiHidden=\"false\"\n   UnhideWhenUsed=\"false\" Name=\"Colorful Grid Accent 6\"\/>\n  <w:LsdException Locked=\"false\" Priority=\"19\" SemiHidden=\"false\"\n   UnhideWhenUsed=\"false\" QFormat=\"true\" Name=\"Subtle Emphasis\"\/>\n  <w:LsdException Locked=\"false\" Priority=\"21\" SemiHidden=\"false\"\n   UnhideWhenUsed=\"false\" QFormat=\"true\" Name=\"Intense Emphasis\"\/>\n  <w:LsdException Locked=\"false\" Priority=\"31\" SemiHidden=\"false\"\n   UnhideWhenUsed=\"false\" QFormat=\"true\" Name=\"Subtle Reference\"\/>\n  <w:LsdException Locked=\"false\" Priority=\"32\" SemiHidden=\"false\"\n   UnhideWhenUsed=\"false\" QFormat=\"true\" Name=\"Intense Reference\"\/>\n  <w:LsdException Locked=\"false\" Priority=\"33\" SemiHidden=\"false\"\n   UnhideWhenUsed=\"false\" QFormat=\"true\" Name=\"Book Title\"\/>\n  <w:LsdException Locked=\"false\" Priority=\"37\" Name=\"Bibliography\"\/>\n  <w:LsdException Locked=\"false\" Priority=\"39\" QFormat=\"true\" Name=\"TOC Heading\"\/>\n <\/w:LatentStyles>\n<\/xml><![endif]--><!-- [if gte mso 10]>\n<style>\n \/* Style Definitions *\/\n table.MsoNormalTable\n\t{mso-style-name:\"Tableau Normal\";\n\tmso-tstyle-rowband-size:0;\n\tmso-tstyle-colband-size:0;\n\tmso-style-noshow:yes;\n\tmso-style-priority:99;\n\tmso-style-qformat:yes;\n\tmso-style-parent:\"\";\n\tmso-padding-alt:0cm 5.4pt 0cm 5.4pt;\n\tmso-para-margin-top:0cm;\n\tmso-para-margin-right:0cm;\n\tmso-para-margin-bottom:10.0pt;\n\tmso-para-margin-left:0cm;\n\tline-height:115%;\n\tmso-pagination:widow-orphan;\n\tfont-size:11.0pt;\n\tfont-family:\"Calibri\",\"sans-serif\";\n\tmso-ascii-font-family:Calibri;\n\tmso-ascii-theme-font:minor-latin;\n\tmso-fareast-font-family:\"Times New Roman\";\n\tmso-fareast-theme-font:minor-fareast;\n\tmso-hansi-font-family:Calibri;\n\tmso-hansi-theme-font:minor-latin;}\n<\/style>\n<![endif]--><\/p><h4 class=\"MsoNormal\" style=\"margin-bottom: 12.0pt; text-align: center;\" align=\"center\"><b><span style=\"font-size: 14.0pt; font-family: 'Lucida Handwriting'; color: red;\">La l\u00e9gende<span style=\"mso-spacerun: yes;\">\u00a0 <\/span>du<span style=\"mso-spacerun: yes;\">\u00a0 <\/span>ginkgo<\/span><\/b><\/h4><b><span style=\"font-family: 'Script MT Bold';\">Le ginkgo est connu au Japon comme \u00e9tant l&rsquo;arbre le plus vieux et le plus r\u00e9sistant de la terre, capable de parer le feu du dragon de son \u00e9corce. <\/span><\/b><b><span style=\"font-family: 'Script MT Bold';\">La l\u00e9gende raconte que le prince Oda Nobunaga afin de sauver sa promise retenue par le dragon de feu, se demandait comment pouvoir affronter ce dernier sans \u00eatre tu\u00e9 par le dragon. Il alla dans la for\u00eat afin de m\u00e9diter, esp\u00e9rant trouver une solution. C&rsquo;est alors qu&rsquo;une vieille femme lui demanda ce qui le rendait triste. Lui racontant toute sont histoire, elle lui donna un bouclier en \u00e9corce de Ginkgo. Le prince, d\u00e9sesp\u00e9r\u00e9, alla face au dragon, ne pouvant de toutes mani\u00e8res vivre sans sa bien aim\u00e9e, il n&rsquo;avait plus rien \u00e0 perdre. Le dragon lui cracha alors dessus ses flammes, qui s&rsquo;\u00e9cras\u00e8rent contre l&rsquo;\u00e9corce de ginkgo. Il put tuer le dragon et r\u00e9cup\u00e9rer sa princesse.<\/span><\/b><\/div>\t\t\t\t\t\t\t\t<\/div>\n\t\t\t\t<\/div>\n\t\t\t\t\t<\/div>\n\t\t<\/div>\n\t\t\t\t\t<\/div>\n\t\t<\/section>\n\t\t\t\t<section class=\"elementor-section elementor-inner-section elementor-element elementor-element-8dcc6ca elementor-section-boxed elementor-section-height-default elementor-section-height-default\" data-id=\"8dcc6ca\" data-element_type=\"section\" data-e-type=\"section\">\n\t\t\t\t\t\t<div class=\"elementor-container elementor-column-gap-default\">\n\t\t\t\t\t<div class=\"elementor-column elementor-col-50 elementor-inner-column elementor-element elementor-element-9af0c8c\" data-id=\"9af0c8c\" data-element_type=\"column\" data-e-type=\"column\">\n\t\t\t<div class=\"elementor-widget-wrap elementor-element-populated\">\n\t\t\t\t\t\t<div class=\"elementor-element elementor-element-18ad63f elementor-widget elementor-widget-image\" data-id=\"18ad63f\" data-element_type=\"widget\" data-e-type=\"widget\" data-widget_type=\"image.default\">\n\t\t\t\t<div class=\"elementor-widget-container\">\n\t\t\t\t\t\t\t\t\t\t\t\t\t\t\t<img decoding=\"async\" src=\"https:\/\/www.pepiniere-boisdelalau.fr\/wp-content\/plugins\/elementor\/assets\/images\/placeholder.png\" title=\"\" alt=\"\" loading=\"lazy\" \/>\t\t\t\t\t\t\t\t\t\t\t\t\t\t\t<\/div>\n\t\t\t\t<\/div>\n\t\t\t\t\t<\/div>\n\t\t<\/div>\n\t\t\t\t<div class=\"elementor-column elementor-col-50 elementor-inner-column elementor-element elementor-element-3b8d2c2\" data-id=\"3b8d2c2\" data-element_type=\"column\" data-e-type=\"column\">\n\t\t\t<div class=\"elementor-widget-wrap elementor-element-populated\">\n\t\t\t\t\t\t<div class=\"elementor-element elementor-element-c43e550 elementor-widget elementor-widget-text-editor\" data-id=\"c43e550\" data-element_type=\"widget\" data-e-type=\"widget\" data-widget_type=\"text-editor.default\">\n\t\t\t\t<div class=\"elementor-widget-container\">\n\t\t\t\t\t\t\t\t\t<h3 class=\"qrShPb kno-ecr-pt PZPZlf mfMhoc\" data-local-attribute=\"d3bn\" data-attrid=\"title\" data-ved=\"2ahUKEwiuxITW8KjvAhUj0uAKHTSgCpcQ3B0oATAXegQIGRAL\">Lilas de Perse<\/h3><h6>Nom Latin: M\u00e9lia Azedarach Famille : <span class=\"Eq0J8 LrzXr kno-fv\">Meliaceae<\/span><\/h6><p>Le lilas de Perse ou margousier de Perse est un arbre au feuillage vert brillant, caduque et prenant une teinte jaune dor\u00e9 \u00e0 l\u2019automne. Au froissement, elles d\u00e9gagent une odeur tr\u00e8s d\u00e9sagr\u00e9able qui fait fuir les insectes nuisibles.<\/p><p>Au printemps, des fleurs \u00e9toil\u00e9es de 2cm de diam\u00e8tre maximum, comptant 5 p\u00e9tales blanc avec un lit de vin au centre, r\u00e9unies en panicules l\u00e2ches de 10 \u00e0 20cm de long, d\u00e9gagent un agr\u00e9able parfum.<\/p><p>Par la suite, des fruits sph\u00e9riques \u00e0 ovo\u00efdes verts d&rsquo;1cm environ se forment et virent au jaune lorsqu&rsquo;ils sont arriv\u00e9s \u00e0 maturit\u00e9. Ils contiennent chacun un noyau perc\u00e9 tr\u00e8s dur qui peut servir, une fois sec, de perle. Les graines qu&rsquo;il contient sont facilement diss\u00e9min\u00e9es par les oiseaux gourmands des drupes.<\/p><p>Attention, toutes les parties du lilas de Perse sont toxiques par leur teneur en azadirachtine : d&rsquo;ailleurs, un purin de ses feuilles m\u00e9lang\u00e9 avec un peu de savon noir, aura un effet insecticide et antifongique tr\u00e8s int\u00e9ressant. Rien que l&rsquo;arbre ou des branches coup\u00e9es, des feuilles tomb\u00e9es, agiront comme r\u00e9pulsif.<\/p>\t\t\t\t\t\t\t\t<\/div>\n\t\t\t\t<\/div>\n\t\t\t\t\t<\/div>\n\t\t<\/div>\n\t\t\t\t\t<\/div>\n\t\t<\/section>\n\t\t\t\t<section class=\"elementor-section elementor-inner-section elementor-element elementor-element-9f16d9e elementor-section-boxed elementor-section-height-default elementor-section-height-default\" data-id=\"9f16d9e\" data-element_type=\"section\" data-e-type=\"section\">\n\t\t\t\t\t\t<div class=\"elementor-container elementor-column-gap-default\">\n\t\t\t\t\t<div class=\"elementor-column elementor-col-50 elementor-inner-column elementor-element elementor-element-fb7357d\" data-id=\"fb7357d\" data-element_type=\"column\" data-e-type=\"column\">\n\t\t\t<div class=\"elementor-widget-wrap\">\n\t\t\t\t\t\t\t<\/div>\n\t\t<\/div>\n\t\t\t\t<div class=\"elementor-column elementor-col-50 elementor-inner-column elementor-element elementor-element-6dddccf\" data-id=\"6dddccf\" data-element_type=\"column\" data-e-type=\"column\">\n\t\t\t<div class=\"elementor-widget-wrap elementor-element-populated\">\n\t\t\t\t\t\t<div class=\"elementor-element elementor-element-66d5f1d elementor-widget elementor-widget-text-editor\" data-id=\"66d5f1d\" data-element_type=\"widget\" data-e-type=\"widget\" data-widget_type=\"text-editor.default\">\n\t\t\t\t<div class=\"elementor-widget-container\">\n\t\t\t\t\t\t\t\t\t<h3>Micocoulier<\/h3><div><h6>Nom latin : Celtis australis Famille : Cannabaceae<\/h6><p>Le Micocoulier, originaire du bassin m\u00e9diterran\u00e9en, se distingue par son caract\u00e8re robuste et son apport esth\u00e9tique et \u00e9cologique \u00e0 tout environnement. Ses feuilles caduques alternes et dent\u00e9es ajoutent \u00e0 son charme, et sa capacit\u00e9 \u00e0 prosp\u00e9rer dans des conditions vari\u00e9es en fait un choix appr\u00e9ci\u00e9.<\/p><p>Privil\u00e9giant les emplacements ensoleill\u00e9s \u00e0 mi-ombre, le Micocoulier s&rsquo;adapte \u00e0 divers types de sols. Cette polyvalence en fait un arbre pris\u00e9 dans l&rsquo;am\u00e9nagement paysager, o\u00f9 il peut fournir une ombre agr\u00e9able et contribuer \u00e0 la diversit\u00e9 v\u00e9g\u00e9tale.<\/p><p>Au-del\u00e0 de son attrait visuel, le Micocoulier joue un r\u00f4le \u00e9cologique crucial en tant qu&rsquo;arbre mellif\u00e8re. Ses petites fleurs vertes attirent les pollinisateurs, contribuant ainsi \u00e0 la biodiversit\u00e9 locale. Ces caract\u00e9ristiques font du Micocoulier un choix judicieux pour ceux qui cherchent \u00e0 allier beaut\u00e9, adaptabilit\u00e9 et contribution \u00e0 l&rsquo;\u00e9cosyst\u00e8me dans leurs espaces verts.<\/p><\/div>\t\t\t\t\t\t\t\t<\/div>\n\t\t\t\t<\/div>\n\t\t\t\t\t<\/div>\n\t\t<\/div>\n\t\t\t\t\t<\/div>\n\t\t<\/section>\n\t\t\t\t<section class=\"elementor-section elementor-inner-section elementor-element elementor-element-0a5c503 elementor-section-boxed elementor-section-height-default elementor-section-height-default\" data-id=\"0a5c503\" data-element_type=\"section\" data-e-type=\"section\">\n\t\t\t\t\t\t<div class=\"elementor-container elementor-column-gap-default\">\n\t\t\t\t\t<div class=\"elementor-column elementor-col-50 elementor-inner-column elementor-element elementor-element-3bc771f\" data-id=\"3bc771f\" data-element_type=\"column\" data-e-type=\"column\">\n\t\t\t<div class=\"elementor-widget-wrap elementor-element-populated\">\n\t\t\t\t\t\t<div class=\"elementor-element elementor-element-ba8db26 elementor-widget elementor-widget-image\" data-id=\"ba8db26\" data-element_type=\"widget\" data-e-type=\"widget\" data-widget_type=\"image.default\">\n\t\t\t\t<div class=\"elementor-widget-container\">\n\t\t\t\t\t\t\t\t\t\t\t\t\t\t\t<img decoding=\"async\" width=\"348\" height=\"336\" src=\"https:\/\/www.pepiniere-boisdelalau.fr\/wp-content\/uploads\/2023\/02\/neflier-rotated-e1677363332706.jpg\" class=\"attachment-large size-large wp-image-547820\" alt=\"\" srcset=\"https:\/\/www.pepiniere-boisdelalau.fr\/wp-content\/uploads\/2023\/02\/neflier-rotated-e1677363332706.jpg 348w, https:\/\/www.pepiniere-boisdelalau.fr\/wp-content\/uploads\/2023\/02\/neflier-rotated-e1677363332706-300x290.jpg 300w\" sizes=\"(max-width: 348px) 100vw, 348px\" \/>\t\t\t\t\t\t\t\t\t\t\t\t\t\t\t<\/div>\n\t\t\t\t<\/div>\n\t\t\t\t\t<\/div>\n\t\t<\/div>\n\t\t\t\t<div class=\"elementor-column elementor-col-50 elementor-inner-column elementor-element elementor-element-182fc2a\" data-id=\"182fc2a\" data-element_type=\"column\" data-e-type=\"column\">\n\t\t\t<div class=\"elementor-widget-wrap elementor-element-populated\">\n\t\t\t\t\t\t<div class=\"elementor-element elementor-element-f157ccc elementor-widget elementor-widget-text-editor\" data-id=\"f157ccc\" data-element_type=\"widget\" data-e-type=\"widget\" data-widget_type=\"text-editor.default\">\n\t\t\t\t<div class=\"elementor-widget-container\">\n\t\t\t\t\t\t\t\t\t<h3>N\u00e9flier du Japon<\/h3><div><h6>Nom latin :\u00a0Eriobotrya japonica\u00a0 Famille : Rosaceae<\/h6><\/div><p>Le N\u00e9flier du Japon, originaire d&rsquo;Asie de l&rsquo;Est, est un arbuste fruitier appr\u00e9ci\u00e9 pour ses qualit\u00e9s gustatives et esth\u00e9tiques. Ses feuilles persistantes, coriaces et brillantes offrent une esth\u00e9tique attrayante toute l&rsquo;ann\u00e9e. Les grappes de fleurs parfum\u00e9es \u00e9voluent en d\u00e9licieuses n\u00e8fles, caract\u00e9ris\u00e9es par une saveur sucr\u00e9e et acidul\u00e9e.<\/p><p>Cet arbuste fruitier montre une grande adaptabilit\u00e9 \u00e0 divers climats, en faisant un choix attractif pour introduire une plante robuste et polyvalente. La floraison g\u00e9n\u00e9reuse donne lieu \u00e0 une r\u00e9colte abondante de n\u00e8fles. Outre ses aspects fruitiers, le N\u00e9flier du Japon joue un r\u00f4le ornemental avec ses feuilles brillantes et ses fleurs parfum\u00e9es, ajoutant une dimension d\u00e9corative aux jardins et vergers. En r\u00e9sum\u00e9, cette plante offre une exp\u00e9rience compl\u00e8te, alliant l&rsquo;esth\u00e9tique botanique \u00e0 des plaisirs gustatifs et olfactifs.<\/p>\t\t\t\t\t\t\t\t<\/div>\n\t\t\t\t<\/div>\n\t\t\t\t\t<\/div>\n\t\t<\/div>\n\t\t\t\t\t<\/div>\n\t\t<\/section>\n\t\t\t\t<section class=\"elementor-section elementor-inner-section elementor-element elementor-element-d04be8e elementor-section-boxed elementor-section-height-default elementor-section-height-default\" data-id=\"d04be8e\" data-element_type=\"section\" data-e-type=\"section\">\n\t\t\t\t\t\t<div class=\"elementor-container elementor-column-gap-default\">\n\t\t\t\t\t<div class=\"elementor-column elementor-col-50 elementor-inner-column elementor-element elementor-element-b4cff09\" data-id=\"b4cff09\" data-element_type=\"column\" data-e-type=\"column\">\n\t\t\t<div class=\"elementor-widget-wrap elementor-element-populated\">\n\t\t\t\t\t\t\t<\/div>\n\t\t<\/div>\n\t\t\t\t<div class=\"elementor-column elementor-col-50 elementor-inner-column elementor-element elementor-element-6efab6a\" data-id=\"6efab6a\" data-element_type=\"column\" data-e-type=\"column\">\n\t\t\t<div class=\"elementor-widget-wrap elementor-element-populated\">\n\t\t\t\t\t\t<div class=\"elementor-element elementor-element-daf4026 elementor-widget elementor-widget-text-editor\" data-id=\"daf4026\" data-element_type=\"widget\" data-e-type=\"widget\" data-widget_type=\"text-editor.default\">\n\t\t\t\t<div class=\"elementor-widget-container\">\n\t\t\t\t\t\t\t\t\t<div class=\"flex-col gap-1 md:gap-3\"><div class=\"flex flex-grow flex-col max-w-full\"><div class=\"min-h-[20px] text-message flex flex-col items-start gap-3 whitespace-pre-wrap break-words [.text-message+&amp;]:mt-5 overflow-x-auto\" data-message-author-role=\"assistant\" data-message-id=\"7884158a-646f-4843-a9cd-6ac5231e7b61\"><div class=\"markdown prose w-full break-words dark:prose-invert light\"><p><strong>Noyer du P\u00e9rigord<\/strong><\/p><\/div><\/div><\/div><\/div><div><h6>Nom latin : Juglans regia &lsquo;Franquette&rsquo; Famille : Juglandaceae<\/h6><\/div><p>Le noyer du P\u00e9rigord est une vari\u00e9t\u00e9 r\u00e9put\u00e9e de noyer cultiv\u00e9e dans la r\u00e9gion du P\u00e9rigord en France. Cette vari\u00e9t\u00e9 est appr\u00e9ci\u00e9e pour ses noix de grande taille \u00e0 la coque fine et \u00e0 la saveur d\u00e9licate. L&rsquo;arbre de Franquette est robuste et vigoureux, avec des feuilles compos\u00e9es et alternes qui offrent une teinte de vert luxuriante pendant la saison estivale. En plus de sa valeur gastronomique, le noyer du P\u00e9rigord est \u00e9galement valoris\u00e9 pour son bois de haute qualit\u00e9, utilis\u00e9 dans la fabrication de meubles et d&rsquo;autres produits artisanaux. Sa culture dans la r\u00e9gion du P\u00e9rigord remonte \u00e0 plusieurs si\u00e8cles, contribuant \u00e0 l&rsquo;identit\u00e9 agricole et culturelle de cette r\u00e9gion embl\u00e9matique de France. Le noyer du P\u00e9rigord repr\u00e9sente ainsi un symbole de tradition et de savoir-faire, tout en offrant des r\u00e9coltes g\u00e9n\u00e9reuses et des paysages pittoresques dans les vergers du P\u00e9rigord.<\/p>\t\t\t\t\t\t\t\t<\/div>\n\t\t\t\t<\/div>\n\t\t\t\t\t<\/div>\n\t\t<\/div>\n\t\t\t\t\t<\/div>\n\t\t<\/section>\n\t\t\t\t<section class=\"elementor-section elementor-inner-section elementor-element elementor-element-ea866eb elementor-section-boxed elementor-section-height-default elementor-section-height-default\" data-id=\"ea866eb\" data-element_type=\"section\" data-e-type=\"section\">\n\t\t\t\t\t\t<div class=\"elementor-container elementor-column-gap-default\">\n\t\t\t\t\t<div class=\"elementor-column elementor-col-50 elementor-inner-column elementor-element elementor-element-471c610\" data-id=\"471c610\" data-element_type=\"column\" data-e-type=\"column\">\n\t\t\t<div class=\"elementor-widget-wrap elementor-element-populated\">\n\t\t\t\t\t\t<div class=\"elementor-element elementor-element-35eb606 elementor-widget elementor-widget-image\" data-id=\"35eb606\" data-element_type=\"widget\" data-e-type=\"widget\" data-widget_type=\"image.default\">\n\t\t\t\t<div class=\"elementor-widget-container\">\n\t\t\t\t\t\t\t\t\t\t\t\t\t\t\t<img decoding=\"async\" src=\"https:\/\/www.pepiniere-boisdelalau.fr\/wp-content\/plugins\/elementor\/assets\/images\/placeholder.png\" title=\"\" alt=\"\" loading=\"lazy\" \/>\t\t\t\t\t\t\t\t\t\t\t\t\t\t\t<\/div>\n\t\t\t\t<\/div>\n\t\t\t\t\t<\/div>\n\t\t<\/div>\n\t\t\t\t<div class=\"elementor-column elementor-col-50 elementor-inner-column elementor-element elementor-element-c05303c\" data-id=\"c05303c\" data-element_type=\"column\" data-e-type=\"column\">\n\t\t\t<div class=\"elementor-widget-wrap elementor-element-populated\">\n\t\t\t\t\t\t<div class=\"elementor-element elementor-element-f55f06d elementor-widget elementor-widget-text-editor\" data-id=\"f55f06d\" data-element_type=\"widget\" data-e-type=\"widget\" data-widget_type=\"text-editor.default\">\n\t\t\t\t<div class=\"elementor-widget-container\">\n\t\t\t\t\t\t\t\t\t<h3>Palmier de Chine<\/h3><div><h6>Nom latin : Trachycarpus fortunei\u00a0 Famille : Arecaceae<\/h6><p>Le Palmier de Chine est une plante ornementale originaire du centre et de l&rsquo;est de la Chine. Reconnaissable par son tronc robuste couvert de fibres brunes et ses feuilles en \u00e9ventail, ce palmier apporte une touche exotique et \u00e9l\u00e9gante aux jardins et aux paysages.<\/p><p>Appr\u00e9ci\u00e9 pour sa r\u00e9sistance au froid, le Palmier de Chine prosp\u00e8re dans des sols bien drain\u00e9s et sous une exposition ensoleill\u00e9e \u00e0 mi-ombre. Sa capacit\u00e9 \u00e0 s&rsquo;adapter \u00e0 diff\u00e9rents climats en fait un choix populaire dans les r\u00e9gions temp\u00e9r\u00e9es. En atteignant une hauteur impressionnante, il cr\u00e9e un impact visuel saisissant. La culture et l&rsquo;entretien demandent une attention particuli\u00e8re aux besoins en eau et \u00e0 la protection contre les vents forts. Le r\u00e9sultat est une plante attrayante et durable, ajoutant une dimension esth\u00e9tique \u00e0 nos jardins.<\/p><\/div>\t\t\t\t\t\t\t\t<\/div>\n\t\t\t\t<\/div>\n\t\t\t\t\t<\/div>\n\t\t<\/div>\n\t\t\t\t\t<\/div>\n\t\t<\/section>\n\t\t\t\t<section class=\"elementor-section elementor-inner-section elementor-element elementor-element-5b21342 elementor-section-boxed elementor-section-height-default elementor-section-height-default\" data-id=\"5b21342\" data-element_type=\"section\" data-e-type=\"section\">\n\t\t\t\t\t\t<div class=\"elementor-container elementor-column-gap-default\">\n\t\t\t\t\t<div class=\"elementor-column elementor-col-50 elementor-inner-column elementor-element elementor-element-69956a7\" data-id=\"69956a7\" data-element_type=\"column\" data-e-type=\"column\">\n\t\t\t<div class=\"elementor-widget-wrap elementor-element-populated\">\n\t\t\t\t\t\t<div class=\"elementor-element elementor-element-37bd74d elementor-widget elementor-widget-image\" data-id=\"37bd74d\" data-element_type=\"widget\" data-e-type=\"widget\" data-widget_type=\"image.default\">\n\t\t\t\t<div class=\"elementor-widget-container\">\n\t\t\t\t\t\t\t\t\t\t\t\t\t\t\t<img loading=\"lazy\" decoding=\"async\" width=\"575\" height=\"1024\" src=\"https:\/\/www.pepiniere-boisdelalau.fr\/wp-content\/uploads\/2023\/02\/Pecher-575x1024.jpg\" class=\"attachment-large size-large wp-image-547918\" alt=\"\" srcset=\"https:\/\/www.pepiniere-boisdelalau.fr\/wp-content\/uploads\/2023\/02\/Pecher-575x1024.jpg 575w, https:\/\/www.pepiniere-boisdelalau.fr\/wp-content\/uploads\/2023\/02\/Pecher-169x300.jpg 169w, https:\/\/www.pepiniere-boisdelalau.fr\/wp-content\/uploads\/2023\/02\/Pecher-768x1367.jpg 768w, https:\/\/www.pepiniere-boisdelalau.fr\/wp-content\/uploads\/2023\/02\/Pecher-863x1536.jpg 863w, https:\/\/www.pepiniere-boisdelalau.fr\/wp-content\/uploads\/2023\/02\/Pecher-1151x2048.jpg 1151w, https:\/\/www.pepiniere-boisdelalau.fr\/wp-content\/uploads\/2023\/02\/Pecher-scaled.jpg 1439w\" sizes=\"(max-width: 575px) 100vw, 575px\" \/>\t\t\t\t\t\t\t\t\t\t\t\t\t\t\t<\/div>\n\t\t\t\t<\/div>\n\t\t\t\t\t<\/div>\n\t\t<\/div>\n\t\t\t\t<div class=\"elementor-column elementor-col-50 elementor-inner-column elementor-element elementor-element-3b7aaa1\" data-id=\"3b7aaa1\" data-element_type=\"column\" data-e-type=\"column\">\n\t\t\t<div class=\"elementor-widget-wrap elementor-element-populated\">\n\t\t\t\t\t\t<div class=\"elementor-element elementor-element-204a900 elementor-widget elementor-widget-text-editor\" data-id=\"204a900\" data-element_type=\"widget\" data-e-type=\"widget\" data-widget_type=\"text-editor.default\">\n\t\t\t\t<div class=\"elementor-widget-container\">\n\t\t\t\t\t\t\t\t\t<h3>P\u00eache de vigne<\/h3><div><h6>Nom latin : Prunus persica var. platycarpa\u00a0 Famille : Rosaceae<\/h6><div class=\"flex flex-grow flex-col max-w-full\"><div class=\"min-h-[20px] text-message flex flex-col items-start gap-3 whitespace-pre-wrap break-words [.text-message+&amp;]:mt-5 overflow-x-auto\" data-message-author-role=\"assistant\" data-message-id=\"2736ca52-0a6f-4544-9774-239606089b8a\"><div class=\"markdown prose w-full break-words dark:prose-invert light\"><p>La P\u00eache de Vigne se distingue par ses fruits \u00e0 la chair d\u00e9licieuse, de couleur rouge intense, offrant une exp\u00e9rience gustative unique. Les feuilles caduques et les fleurs rose p\u00e2le \u00e0 blanches ajoutent une dimension esth\u00e9tique \u00e0 son attrait global.<\/p><p>Pr\u00e9f\u00e9rant les climats chauds et ensoleill\u00e9s, elle prosp\u00e8re dans un sol bien drain\u00e9. La protection contre les gel\u00e9es printani\u00e8res est cruciale pour assurer une r\u00e9colte optimale. Son port buissonnant et ses branches souples cr\u00e9ent une silhouette attrayante, et la taille r\u00e9guli\u00e8re favorise une croissance saine et une production de fruits abondante. La peau velout\u00e9e et la chair juteuse et sucr\u00e9e caract\u00e9risent les fruits, qui murissent g\u00e9n\u00e9ralement au milieu de l&rsquo;\u00e9t\u00e9.<\/p><p>En r\u00e9sum\u00e9, la P\u00eache de Vigne est une vari\u00e9t\u00e9 d&rsquo;arbuste fruitier alliant d\u00e9lice gustatif et esth\u00e9tique, r\u00e9compensant les jardiniers avec des r\u00e9coltes savoureuses et une pr\u00e9sence visuelle attrayante dans le jardin.<\/p><\/div><\/div><\/div><\/div>\t\t\t\t\t\t\t\t<\/div>\n\t\t\t\t<\/div>\n\t\t\t\t\t<\/div>\n\t\t<\/div>\n\t\t\t\t\t<\/div>\n\t\t<\/section>\n\t\t\t\t<section class=\"elementor-section elementor-inner-section elementor-element elementor-element-8c1789a elementor-section-boxed elementor-section-height-default elementor-section-height-default\" data-id=\"8c1789a\" data-element_type=\"section\" data-e-type=\"section\">\n\t\t\t\t\t\t<div class=\"elementor-container elementor-column-gap-default\">\n\t\t\t\t\t<div class=\"elementor-column elementor-col-50 elementor-inner-column elementor-element elementor-element-01543c9\" data-id=\"01543c9\" data-element_type=\"column\" data-e-type=\"column\">\n\t\t\t<div class=\"elementor-widget-wrap elementor-element-populated\">\n\t\t\t\t\t\t<div class=\"elementor-element elementor-element-5154688 elementor-widget elementor-widget-image\" data-id=\"5154688\" data-element_type=\"widget\" data-e-type=\"widget\" data-widget_type=\"image.default\">\n\t\t\t\t<div class=\"elementor-widget-container\">\n\t\t\t\t\t\t\t\t\t\t\t\t\t\t\t<img decoding=\"async\" src=\"https:\/\/www.pepiniere-boisdelalau.fr\/wp-content\/plugins\/elementor\/assets\/images\/placeholder.png\" title=\"\" alt=\"\" loading=\"lazy\" \/>\t\t\t\t\t\t\t\t\t\t\t\t\t\t\t<\/div>\n\t\t\t\t<\/div>\n\t\t\t\t\t<\/div>\n\t\t<\/div>\n\t\t\t\t<div class=\"elementor-column elementor-col-50 elementor-inner-column elementor-element elementor-element-a79a621\" data-id=\"a79a621\" data-element_type=\"column\" data-e-type=\"column\">\n\t\t\t<div class=\"elementor-widget-wrap elementor-element-populated\">\n\t\t\t\t\t\t<div class=\"elementor-element elementor-element-e6e2167 elementor-widget elementor-widget-text-editor\" data-id=\"e6e2167\" data-element_type=\"widget\" data-e-type=\"widget\" data-widget_type=\"text-editor.default\">\n\t\t\t\t<div class=\"elementor-widget-container\">\n\t\t\t\t\t\t\t\t\t<h3>Pistachier vera<\/h3><div><h6>Nom latin :\u00a0Pistacia vera\u00a0 Famille : Anacardiaceae<\/h6><p>Le Pistachier (Pistacia vera), v\u00e9n\u00e9r\u00e9 comme le patriarche des arbres du Jardin des Plantes, a brav\u00e9 les hivers parisiens pendant plus de trois si\u00e8cles, d\u00e9ployant une r\u00e9silience remarquable face aux conditions climatiques rigoureuses,peut atteindre des dimensions variables. Originaire du Moyen-Orient, cet arbre fruitier, g\u00e9n\u00e9ralement entre 4 et 8 m\u00e8tres de hauteur, s&rsquo;est int\u00e9gr\u00e9 avec succ\u00e8s au paysage de Paris, devenant une ic\u00f4ne vivante du Jardin des Plantes.<\/p><p>La capacit\u00e9 exceptionnelle du Pistachier \u00e0 s&rsquo;acclimater \u00e0 l&rsquo;environnement parisien souligne sa t\u00e9nacit\u00e9, prosp\u00e9rant malgr\u00e9 les d\u00e9fis impos\u00e9s par des hivers parfois impitoyables.<\/p><p>Notamment, le Pistachier a r\u00e9sist\u00e9 \u00e0 des hivers particuli\u00e8rement hostiles, y compris un record avec une temp\u00e9rature minimale descendant jusqu&rsquo;\u00e0 -23,9 \u00b0C. Cette capacit\u00e9 \u00e0 d\u00e9fier les \u00e9l\u00e9ments, m\u00eame dans des conditions climatiques extr\u00eames, souligne encore davantage sa r\u00e9sistance in\u00e9branlable. Son histoire au Jardin des Plantes offre une inspiration pr\u00e9cieuse pour ceux qui cherchent \u00e0 int\u00e9grer cet arbre exceptionnel dans diff\u00e9rents coins de nos jardins, ajoutant ainsi une touche d&rsquo;exotisme et de t\u00e9nacit\u00e9.<\/p><\/div>\t\t\t\t\t\t\t\t<\/div>\n\t\t\t\t<\/div>\n\t\t\t\t\t<\/div>\n\t\t<\/div>\n\t\t\t\t\t<\/div>\n\t\t<\/section>\n\t\t\t\t<section class=\"elementor-section elementor-inner-section elementor-element elementor-element-f548de1 elementor-section-boxed elementor-section-height-default elementor-section-height-default\" data-id=\"f548de1\" data-element_type=\"section\" data-e-type=\"section\">\n\t\t\t\t\t\t<div class=\"elementor-container elementor-column-gap-default\">\n\t\t\t\t\t<div class=\"elementor-column elementor-col-50 elementor-inner-column elementor-element elementor-element-90115f5\" data-id=\"90115f5\" data-element_type=\"column\" data-e-type=\"column\">\n\t\t\t<div class=\"elementor-widget-wrap elementor-element-populated\">\n\t\t\t\t\t\t<div class=\"elementor-element elementor-element-ae3ccb6 elementor-widget elementor-widget-image\" data-id=\"ae3ccb6\" data-element_type=\"widget\" data-e-type=\"widget\" data-widget_type=\"image.default\">\n\t\t\t\t<div class=\"elementor-widget-container\">\n\t\t\t\t\t\t\t\t\t\t\t\t\t\t\t<img decoding=\"async\" src=\"https:\/\/www.pepiniere-boisdelalau.fr\/wp-content\/plugins\/elementor\/assets\/images\/placeholder.png\" title=\"\" alt=\"\" loading=\"lazy\" \/>\t\t\t\t\t\t\t\t\t\t\t\t\t\t\t<\/div>\n\t\t\t\t<\/div>\n\t\t\t\t\t<\/div>\n\t\t<\/div>\n\t\t\t\t<div class=\"elementor-column elementor-col-50 elementor-inner-column elementor-element elementor-element-a6151bf\" data-id=\"a6151bf\" data-element_type=\"column\" data-e-type=\"column\">\n\t\t\t<div class=\"elementor-widget-wrap elementor-element-populated\">\n\t\t\t\t\t\t<div class=\"elementor-element elementor-element-4420de3 elementor-widget elementor-widget-text-editor\" data-id=\"4420de3\" data-element_type=\"widget\" data-e-type=\"widget\" data-widget_type=\"text-editor.default\">\n\t\t\t\t<div class=\"elementor-widget-container\">\n\t\t\t\t\t\t\t\t\t<h3>Saule pleureur<\/h3><div><h6>Nom latin : Salix babylonica \u00a0 Famille : Salicac\u00e9es<\/h6><p>Le <em>Salix babylonica<\/em> se distingue par sa silhouette gracieuse et \u00e9l\u00e9gante, caract\u00e9ris\u00e9e par des branches retombantes cr\u00e9ant un effet pleureur distinctif. Avec des feuilles \u00e9troites et lanc\u00e9ol\u00e9es d&rsquo;un vert vif, cet arbre \u00e0 feuilles caduques offre une palette visuelle captivante, accentu\u00e9e par une transition automnale vers des teintes jaunes \u00e9clatantes.<\/p><p>Adapt\u00e9 aux sols humides, le Saule Pleureur prosp\u00e8re le long des cours d&rsquo;eau, o\u00f9 il joue un r\u00f4le \u00e9cologique en stabilisant les berges et en fournissant un habitat propice \u00e0 la biodiversit\u00e9. Sa rusticit\u00e9 lui conf\u00e8re une r\u00e9silience face \u00e0 des conditions climatiques vari\u00e9es, faisant de lui un choix appr\u00e9ci\u00e9 dans divers contextes.<\/p><p>Fr\u00e9quemment choisi pour orner parcs, jardins et espaces publics, cet arbre demeure une option captivante, alliant une \u00e9l\u00e9gance naturelle \u00e0 une adaptabilit\u00e9 environnementale. En somme, le Saule Pleureur offre une contribution esth\u00e9tique et \u00e9cologique, enrichissant les paysages tout en s&rsquo;adaptant avec gr\u00e2ce \u00e0 diff\u00e9rentes conditions climatique<\/p><\/div>\t\t\t\t\t\t\t\t<\/div>\n\t\t\t\t<\/div>\n\t\t\t\t\t<\/div>\n\t\t<\/div>\n\t\t\t\t\t<\/div>\n\t\t<\/section>\n\t\t\t\t<section class=\"elementor-section elementor-inner-section elementor-element elementor-element-0f339df elementor-section-boxed elementor-section-height-default elementor-section-height-default\" data-id=\"0f339df\" data-element_type=\"section\" data-e-type=\"section\">\n\t\t\t\t\t\t<div class=\"elementor-container elementor-column-gap-default\">\n\t\t\t\t\t<div class=\"elementor-column elementor-col-50 elementor-inner-column elementor-element elementor-element-ece5b58\" data-id=\"ece5b58\" data-element_type=\"column\" data-e-type=\"column\">\n\t\t\t<div class=\"elementor-widget-wrap elementor-element-populated\">\n\t\t\t\t\t\t<div class=\"elementor-element elementor-element-e875046 elementor-widget elementor-widget-image\" data-id=\"e875046\" data-element_type=\"widget\" data-e-type=\"widget\" data-widget_type=\"image.default\">\n\t\t\t\t<div class=\"elementor-widget-container\">\n\t\t\t\t\t\t\t\t\t\t\t\t\t\t\t<img decoding=\"async\" src=\"https:\/\/www.pepiniere-boisdelalau.fr\/wp-content\/plugins\/elementor\/assets\/images\/placeholder.png\" title=\"\" alt=\"\" loading=\"lazy\" \/>\t\t\t\t\t\t\t\t\t\t\t\t\t\t\t<\/div>\n\t\t\t\t<\/div>\n\t\t\t\t\t<\/div>\n\t\t<\/div>\n\t\t\t\t<div class=\"elementor-column elementor-col-50 elementor-inner-column elementor-element elementor-element-d9fc6eb\" data-id=\"d9fc6eb\" data-element_type=\"column\" data-e-type=\"column\">\n\t\t\t<div class=\"elementor-widget-wrap elementor-element-populated\">\n\t\t\t\t\t\t<div class=\"elementor-element elementor-element-15b17bf elementor-widget elementor-widget-text-editor\" data-id=\"15b17bf\" data-element_type=\"widget\" data-e-type=\"widget\" data-widget_type=\"text-editor.default\">\n\t\t\t\t<div class=\"elementor-widget-container\">\n\t\t\t\t\t\t\t\t\t<h3>Saule tortueux<\/h3><div><h6>Nom latin : Salix matsudana &lsquo;Tortuosa&rsquo;\u00a0 Famille : Salicac\u00e9es<\/h6><p>Le Saule tortueux est un arbuste fascinant reconnu pour ses branches tordues et sinueuses, cr\u00e9ant une silhouette unique dans le paysage. Ses feuilles vertes, \u00e9troites et lanc\u00e9ol\u00e9es, ajoutent une texture int\u00e9ressante \u00e0 son apparence g\u00e9n\u00e9rale.<\/p><p>Particuli\u00e8rement appr\u00e9ci\u00e9 dans les jardins d&rsquo;ornement, le Saule tortueux offre un caract\u00e8re d\u00e9coratif tout au long de l&rsquo;ann\u00e9e. En hiver, ses branches tordues offrent une structure artistique, tandis qu&rsquo;au printemps, les chatons jaune p\u00e2le apparaissent, ajoutant une touche de couleur pr\u00e9coce au jardin. Le Saule tortueux s&rsquo;acclimate dans tous types de sols, ce qui en fait un choix id\u00e9al pour les am\u00e9nagements paysagers recherchant \u00e0 la fois l&rsquo;esth\u00e9tique et la facilit\u00e9 d&rsquo;entretien. Privil\u00e9giant une exposition en plein soleil, cet arbuste prosp\u00e8re dans des conditions lumineuses, contribuant ainsi \u00e0 son d\u00e9veloppement optimal.<\/p><\/div>\t\t\t\t\t\t\t\t<\/div>\n\t\t\t\t<\/div>\n\t\t\t\t\t<\/div>\n\t\t<\/div>\n\t\t\t\t\t<\/div>\n\t\t<\/section>\n\t\t\t\t<section class=\"elementor-section elementor-inner-section elementor-element elementor-element-847e857 elementor-section-boxed elementor-section-height-default elementor-section-height-default\" data-id=\"847e857\" data-element_type=\"section\" data-e-type=\"section\">\n\t\t\t\t\t\t<div class=\"elementor-container elementor-column-gap-default\">\n\t\t\t\t\t<div class=\"elementor-column elementor-col-50 elementor-inner-column elementor-element elementor-element-da00c62\" data-id=\"da00c62\" data-element_type=\"column\" data-e-type=\"column\">\n\t\t\t<div class=\"elementor-widget-wrap elementor-element-populated\">\n\t\t\t\t\t\t<div class=\"elementor-element elementor-element-df2ab58 elementor-widget elementor-widget-image\" data-id=\"df2ab58\" data-element_type=\"widget\" data-e-type=\"widget\" data-widget_type=\"image.default\">\n\t\t\t\t<div class=\"elementor-widget-container\">\n\t\t\t\t\t\t\t\t\t\t\t\t<figure class=\"wp-caption\">\n\t\t\t\t\t\t\t\t\t\t<img loading=\"lazy\" decoding=\"async\" width=\"300\" height=\"225\" src=\"https:\/\/www.pepiniere-boisdelalau.fr\/wp-content\/uploads\/2020\/10\/savonnier-koelreuteria-paniculata-300x225.jpg\" class=\"attachment-medium size-medium wp-image-51643\" alt=\"\" srcset=\"https:\/\/www.pepiniere-boisdelalau.fr\/wp-content\/uploads\/2020\/10\/savonnier-koelreuteria-paniculata-300x225.jpg 300w, https:\/\/www.pepiniere-boisdelalau.fr\/wp-content\/uploads\/2020\/10\/savonnier-koelreuteria-paniculata-1024x768.jpg 1024w, https:\/\/www.pepiniere-boisdelalau.fr\/wp-content\/uploads\/2020\/10\/savonnier-koelreuteria-paniculata-768x576.jpg 768w, https:\/\/www.pepiniere-boisdelalau.fr\/wp-content\/uploads\/2020\/10\/savonnier-koelreuteria-paniculata-1536x1152.jpg 1536w, https:\/\/www.pepiniere-boisdelalau.fr\/wp-content\/uploads\/2020\/10\/savonnier-koelreuteria-paniculata-2048x1536.jpg 2048w\" sizes=\"(max-width: 300px) 100vw, 300px\" \/>\t\t\t\t\t\t\t\t\t\t\t<figcaption class=\"widget-image-caption wp-caption-text\">savonnier - Koelreuteria paniculata<\/figcaption>\n\t\t\t\t\t\t\t\t\t\t<\/figure>\n\t\t\t\t\t\t\t\t\t<\/div>\n\t\t\t\t<\/div>\n\t\t\t\t\t<\/div>\n\t\t<\/div>\n\t\t\t\t<div class=\"elementor-column elementor-col-50 elementor-inner-column elementor-element elementor-element-941e605\" data-id=\"941e605\" data-element_type=\"column\" data-e-type=\"column\">\n\t\t\t<div class=\"elementor-widget-wrap elementor-element-populated\">\n\t\t\t\t\t\t<div class=\"elementor-element elementor-element-535a3ef elementor-widget elementor-widget-text-editor\" data-id=\"535a3ef\" data-element_type=\"widget\" data-e-type=\"widget\" data-widget_type=\"text-editor.default\">\n\t\t\t\t<div class=\"elementor-widget-container\">\n\t\t\t\t\t\t\t\t\t<h3 style=\"text-align: left;\"><strong>Le savonnier<\/strong><\/h3><h6>Nom latin : Koelreuteria paniculata Famille : Sapindaceae<\/h6><p>Originaire de chine, le savonnier est un petit arbre rustique (-20\u00b0C) au port arrondi \u00e0 la croissance\u00a0 rapide et mesurant 8 \u00e0 10 m de haut. Il doit \u00eatre plant\u00e9 au soleil, s&rsquo; adapte \u00e0 tous types de terrains et convient aux petits jardins. Des panicules de fleurs jaunes et tr\u00e8s parfum\u00e9es apparaissent en juillet . C&rsquo;est en octobre que l&rsquo;arbre d\u00e9voilera toute sa splendeur, lorsque ses panicules se transformeront en capsules (lanternes) dont le rouge marqu\u00e9 fera contraste avec le jaune du feuillage. On faisait du savon naturel avec son \u00e9corce et ses fruits, et des chapelets avec ses graines ronde et noires.<\/p><div class=\"elementor-column-wrap elementor-element-populated\"><div class=\"elementor-widget-wrap\"><div class=\"elementor-element elementor-element-18019f5 elementor-widget elementor-widget-button\" data-id=\"18019f5\" data-element_type=\"widget\" data-widget_type=\"button.default\"><div class=\"elementor-widget-container\"><div class=\"elementor-button-wrapper\" style=\"text-align: center;\"><a class=\"elementor-button-link elementor-button elementor-size-sm\" role=\"button\" href=\"https:\/\/www.pepiniere-boisdelalau.fr\/index.php\/nos-plantes\/nos-plantes-vedettes\/le-savonnier\/\"><span class=\"elementor-button-content-wrapper\"><span class=\"elementor-button-text\">Lire la suite sur le savonnier ici. <\/span><\/span><\/a><\/div><div>\u00a0<\/div><\/div><\/div><\/div><\/div>\t\t\t\t\t\t\t\t<\/div>\n\t\t\t\t<\/div>\n\t\t\t\t\t<\/div>\n\t\t<\/div>\n\t\t\t\t\t<\/div>\n\t\t<\/section>\n\t\t\t\t<section class=\"elementor-section elementor-inner-section elementor-element elementor-element-979f658 elementor-section-boxed elementor-section-height-default elementor-section-height-default\" data-id=\"979f658\" data-element_type=\"section\" data-e-type=\"section\">\n\t\t\t\t\t\t<div class=\"elementor-container elementor-column-gap-default\">\n\t\t\t\t\t<div class=\"elementor-column elementor-col-50 elementor-inner-column elementor-element elementor-element-dc0e3c8\" data-id=\"dc0e3c8\" data-element_type=\"column\" data-e-type=\"column\">\n\t\t\t<div class=\"elementor-widget-wrap elementor-element-populated\">\n\t\t\t\t\t\t<div class=\"elementor-element elementor-element-67b59ef elementor-widget elementor-widget-image\" data-id=\"67b59ef\" data-element_type=\"widget\" data-e-type=\"widget\" data-widget_type=\"image.default\">\n\t\t\t\t<div class=\"elementor-widget-container\">\n\t\t\t\t\t\t\t\t\t\t\t\t\t\t\t<img decoding=\"async\" src=\"https:\/\/www.pepiniere-boisdelalau.fr\/wp-content\/plugins\/elementor\/assets\/images\/placeholder.png\" title=\"\" alt=\"\" loading=\"lazy\" \/>\t\t\t\t\t\t\t\t\t\t\t\t\t\t\t<\/div>\n\t\t\t\t<\/div>\n\t\t\t\t\t<\/div>\n\t\t<\/div>\n\t\t\t\t<div class=\"elementor-column elementor-col-50 elementor-inner-column elementor-element elementor-element-38e922d\" data-id=\"38e922d\" data-element_type=\"column\" data-e-type=\"column\">\n\t\t\t<div class=\"elementor-widget-wrap elementor-element-populated\">\n\t\t\t\t\t\t<div class=\"elementor-element elementor-element-162fdad elementor-widget elementor-widget-text-editor\" data-id=\"162fdad\" data-element_type=\"widget\" data-e-type=\"widget\" data-widget_type=\"text-editor.default\">\n\t\t\t\t<div class=\"elementor-widget-container\">\n\t\t\t\t\t\t\t\t\t<h3>Tilleul<\/h3><div><h6>Nom latin : Tilia x europaea \u00a0 Famille : Tiliaceae<\/h6><p>Le Tilleul se distingue par son \u00e9l\u00e9gance et sa robustesse, offrant des propri\u00e9t\u00e9s th\u00e9rapeutiques gr\u00e2ce \u00e0 ses fleurs. Renomm\u00e9es pour leurs vertus apaisantes et relaxantes, les fleurs du Tilleul sont pris\u00e9es dans la confection de tisanes. Les infusions \u00e0 base de ces fleurs sont traditionnellement consomm\u00e9es pour favoriser la d\u00e9tente, soulager le stress et am\u00e9liorer la qualit\u00e9 du sommeil.<\/p><p>La tisane de Tilleul s\u00e9duit par son go\u00fbt d\u00e9licat, tout en apportant une atmosph\u00e8re apaisante. Les compos\u00e9s naturels pr\u00e9sents dans les fleurs, tels que les flavono\u00efdes et les huiles essentielles, contribuent aux bienfaits relaxants de cette boisson. Au-del\u00e0 de ses vertus m\u00e9dicinales, la tisane de Tilleul est \u00e9galement choisie pour son ar\u00f4me subtil et agr\u00e9able. Ainsi, cet arbre, membre de la famille des Tiliac\u00e9es, se dresse non seulement avec \u00e9l\u00e9gance dans les paysages, mais constitue \u00e9galement une pr\u00e9cieuse contribution \u00e0 la m\u00e9decine traditionnelle, offrant des bienfaits pour la sant\u00e9.<\/p><\/div>\t\t\t\t\t\t\t\t<\/div>\n\t\t\t\t<\/div>\n\t\t\t\t\t<\/div>\n\t\t<\/div>\n\t\t\t\t\t<\/div>\n\t\t<\/section>\n\t\t\t\t<section class=\"elementor-section elementor-inner-section elementor-element elementor-element-cbb698d elementor-section-boxed elementor-section-height-default elementor-section-height-default\" data-id=\"cbb698d\" data-element_type=\"section\" data-e-type=\"section\">\n\t\t\t\t\t\t<div class=\"elementor-container elementor-column-gap-default\">\n\t\t\t\t\t<div class=\"elementor-column elementor-col-50 elementor-inner-column elementor-element elementor-element-7e0e644\" data-id=\"7e0e644\" data-element_type=\"column\" data-e-type=\"column\">\n\t\t\t<div class=\"elementor-widget-wrap\">\n\t\t\t\t\t\t\t<\/div>\n\t\t<\/div>\n\t\t\t\t<div class=\"elementor-column elementor-col-50 elementor-inner-column elementor-element elementor-element-3c666b7\" data-id=\"3c666b7\" data-element_type=\"column\" data-e-type=\"column\">\n\t\t\t<div class=\"elementor-widget-wrap\">\n\t\t\t\t\t\t\t<\/div>\n\t\t<\/div>\n\t\t\t\t\t<\/div>\n\t\t<\/section>\n\t\t\t\t\t<\/div>\n\t\t<\/div>\n\t\t\t\t\t<\/div>\n\t\t<\/section>\n\t\t\t\t<\/div>\n\t\t","protected":false},"excerpt":{"rendered":"<p>Service mise en place pendant et apr\u00e8s le confinement*. Veuillez retrouver toute l&rsquo;actualit\u00e9 et service mis en place sur cette page. * Nous maintenons le service jusqu&rsquo;au 7 mai 2021. &hellip;<\/p>\n","protected":false},"author":1,"featured_media":0,"parent":205,"menu_order":0,"comment_status":"closed","ping_status":"closed","template":"template-builder.php","meta":{"inline_featured_image":false,"_themeisle_gutenberg_block_has_review":false,"footnotes":""},"class_list":["post-12121","page","type-page","status-publish","hentry"],"yoast_head":"<!-- This site is optimized with the Yoast SEO plugin v27.5 - https:\/\/yoast.com\/product\/yoast-seo-wordpress\/ -->\n<title>Arbres - P\u00e9pini\u00e8re du bois de Lalau<\/title>\n<meta name=\"robots\" content=\"index, follow, max-snippet:-1, max-image-preview:large, max-video-preview:-1\" \/>\n<link rel=\"canonical\" href=\"https:\/\/www.pepiniere-boisdelalau.fr\/index.php\/nos-plantes\/arbres\/\" \/>\n<meta name=\"twitter:label1\" content=\"Dur\u00e9e de lecture estim\u00e9e\" \/>\n\t<meta name=\"twitter:data1\" content=\"18 minutes\" \/>\n<script type=\"application\/ld+json\" class=\"yoast-schema-graph\">{\"@context\":\"https:\\\/\\\/schema.org\",\"@graph\":[{\"@type\":\"WebPage\",\"@id\":\"https:\\\/\\\/www.pepiniere-boisdelalau.fr\\\/index.php\\\/nos-plantes\\\/arbres\\\/\",\"url\":\"https:\\\/\\\/www.pepiniere-boisdelalau.fr\\\/index.php\\\/nos-plantes\\\/arbres\\\/\",\"name\":\"Arbres - P\u00e9pini\u00e8re du bois de Lalau\",\"isPartOf\":{\"@id\":\"https:\\\/\\\/www.pepiniere-boisdelalau.fr\\\/#website\"},\"primaryImageOfPage\":{\"@id\":\"https:\\\/\\\/www.pepiniere-boisdelalau.fr\\\/index.php\\\/nos-plantes\\\/arbres\\\/#primaryimage\"},\"image\":{\"@id\":\"https:\\\/\\\/www.pepiniere-boisdelalau.fr\\\/index.php\\\/nos-plantes\\\/arbres\\\/#primaryimage\"},\"thumbnailUrl\":\"https:\\\/\\\/www.pepiniere-boisdelalau.fr\\\/wp-content\\\/plugins\\\/elementor\\\/assets\\\/images\\\/placeholder.png\",\"datePublished\":\"2020-04-28T21:40:44+00:00\",\"dateModified\":\"2024-03-13T23:56:42+00:00\",\"breadcrumb\":{\"@id\":\"https:\\\/\\\/www.pepiniere-boisdelalau.fr\\\/index.php\\\/nos-plantes\\\/arbres\\\/#breadcrumb\"},\"inLanguage\":\"fr-FR\",\"potentialAction\":[{\"@type\":\"ReadAction\",\"target\":[\"https:\\\/\\\/www.pepiniere-boisdelalau.fr\\\/index.php\\\/nos-plantes\\\/arbres\\\/\"]}]},{\"@type\":\"ImageObject\",\"inLanguage\":\"fr-FR\",\"@id\":\"https:\\\/\\\/www.pepiniere-boisdelalau.fr\\\/index.php\\\/nos-plantes\\\/arbres\\\/#primaryimage\",\"url\":\"https:\\\/\\\/www.pepiniere-boisdelalau.fr\\\/wp-content\\\/plugins\\\/elementor\\\/assets\\\/images\\\/placeholder.png\",\"contentUrl\":\"https:\\\/\\\/www.pepiniere-boisdelalau.fr\\\/wp-content\\\/plugins\\\/elementor\\\/assets\\\/images\\\/placeholder.png\"},{\"@type\":\"BreadcrumbList\",\"@id\":\"https:\\\/\\\/www.pepiniere-boisdelalau.fr\\\/index.php\\\/nos-plantes\\\/arbres\\\/#breadcrumb\",\"itemListElement\":[{\"@type\":\"ListItem\",\"position\":1,\"name\":\"Accueil\",\"item\":\"https:\\\/\\\/www.pepiniere-boisdelalau.fr\\\/\"},{\"@type\":\"ListItem\",\"position\":2,\"name\":\"Nos plantes\",\"item\":\"https:\\\/\\\/www.pepiniere-boisdelalau.fr\\\/index.php\\\/nos-plantes\\\/\"},{\"@type\":\"ListItem\",\"position\":3,\"name\":\"Arbres\"}]},{\"@type\":\"WebSite\",\"@id\":\"https:\\\/\\\/www.pepiniere-boisdelalau.fr\\\/#website\",\"url\":\"https:\\\/\\\/www.pepiniere-boisdelalau.fr\\\/\",\"name\":\"P\u00e9pini\u00e8re le bois de Lalau\",\"description\":\"P\u00e9pini\u00e8riste paysan-producteur\",\"publisher\":{\"@id\":\"https:\\\/\\\/www.pepiniere-boisdelalau.fr\\\/#organization\"},\"potentialAction\":[{\"@type\":\"SearchAction\",\"target\":{\"@type\":\"EntryPoint\",\"urlTemplate\":\"https:\\\/\\\/www.pepiniere-boisdelalau.fr\\\/?s={search_term_string}\"},\"query-input\":{\"@type\":\"PropertyValueSpecification\",\"valueRequired\":true,\"valueName\":\"search_term_string\"}}],\"inLanguage\":\"fr-FR\"},{\"@type\":\"Organization\",\"@id\":\"https:\\\/\\\/www.pepiniere-boisdelalau.fr\\\/#organization\",\"name\":\"P\u00e9pini\u00e8re le bois de Lalau\",\"url\":\"https:\\\/\\\/www.pepiniere-boisdelalau.fr\\\/\",\"logo\":{\"@type\":\"ImageObject\",\"inLanguage\":\"fr-FR\",\"@id\":\"https:\\\/\\\/www.pepiniere-boisdelalau.fr\\\/#\\\/schema\\\/logo\\\/image\\\/\",\"url\":\"\",\"contentUrl\":\"\",\"caption\":\"P\u00e9pini\u00e8re le bois de Lalau\"},\"image\":{\"@id\":\"https:\\\/\\\/www.pepiniere-boisdelalau.fr\\\/#\\\/schema\\\/logo\\\/image\\\/\"},\"sameAs\":[\"https:\\\/\\\/www.facebook.com\\\/pepiniereboisdelalau\"]}]}<\/script>\n<!-- \/ Yoast SEO plugin. -->","yoast_head_json":{"title":"Arbres - P\u00e9pini\u00e8re du bois de Lalau","robots":{"index":"index","follow":"follow","max-snippet":"max-snippet:-1","max-image-preview":"max-image-preview:large","max-video-preview":"max-video-preview:-1"},"canonical":"https:\/\/www.pepiniere-boisdelalau.fr\/index.php\/nos-plantes\/arbres\/","twitter_misc":{"Dur\u00e9e de lecture estim\u00e9e":"18 minutes"},"schema":{"@context":"https:\/\/schema.org","@graph":[{"@type":"WebPage","@id":"https:\/\/www.pepiniere-boisdelalau.fr\/index.php\/nos-plantes\/arbres\/","url":"https:\/\/www.pepiniere-boisdelalau.fr\/index.php\/nos-plantes\/arbres\/","name":"Arbres - P\u00e9pini\u00e8re du bois de Lalau","isPartOf":{"@id":"https:\/\/www.pepiniere-boisdelalau.fr\/#website"},"primaryImageOfPage":{"@id":"https:\/\/www.pepiniere-boisdelalau.fr\/index.php\/nos-plantes\/arbres\/#primaryimage"},"image":{"@id":"https:\/\/www.pepiniere-boisdelalau.fr\/index.php\/nos-plantes\/arbres\/#primaryimage"},"thumbnailUrl":"https:\/\/www.pepiniere-boisdelalau.fr\/wp-content\/plugins\/elementor\/assets\/images\/placeholder.png","datePublished":"2020-04-28T21:40:44+00:00","dateModified":"2024-03-13T23:56:42+00:00","breadcrumb":{"@id":"https:\/\/www.pepiniere-boisdelalau.fr\/index.php\/nos-plantes\/arbres\/#breadcrumb"},"inLanguage":"fr-FR","potentialAction":[{"@type":"ReadAction","target":["https:\/\/www.pepiniere-boisdelalau.fr\/index.php\/nos-plantes\/arbres\/"]}]},{"@type":"ImageObject","inLanguage":"fr-FR","@id":"https:\/\/www.pepiniere-boisdelalau.fr\/index.php\/nos-plantes\/arbres\/#primaryimage","url":"https:\/\/www.pepiniere-boisdelalau.fr\/wp-content\/plugins\/elementor\/assets\/images\/placeholder.png","contentUrl":"https:\/\/www.pepiniere-boisdelalau.fr\/wp-content\/plugins\/elementor\/assets\/images\/placeholder.png"},{"@type":"BreadcrumbList","@id":"https:\/\/www.pepiniere-boisdelalau.fr\/index.php\/nos-plantes\/arbres\/#breadcrumb","itemListElement":[{"@type":"ListItem","position":1,"name":"Accueil","item":"https:\/\/www.pepiniere-boisdelalau.fr\/"},{"@type":"ListItem","position":2,"name":"Nos plantes","item":"https:\/\/www.pepiniere-boisdelalau.fr\/index.php\/nos-plantes\/"},{"@type":"ListItem","position":3,"name":"Arbres"}]},{"@type":"WebSite","@id":"https:\/\/www.pepiniere-boisdelalau.fr\/#website","url":"https:\/\/www.pepiniere-boisdelalau.fr\/","name":"P\u00e9pini\u00e8re le bois de Lalau","description":"P\u00e9pini\u00e8riste paysan-producteur","publisher":{"@id":"https:\/\/www.pepiniere-boisdelalau.fr\/#organization"},"potentialAction":[{"@type":"SearchAction","target":{"@type":"EntryPoint","urlTemplate":"https:\/\/www.pepiniere-boisdelalau.fr\/?s={search_term_string}"},"query-input":{"@type":"PropertyValueSpecification","valueRequired":true,"valueName":"search_term_string"}}],"inLanguage":"fr-FR"},{"@type":"Organization","@id":"https:\/\/www.pepiniere-boisdelalau.fr\/#organization","name":"P\u00e9pini\u00e8re le bois de Lalau","url":"https:\/\/www.pepiniere-boisdelalau.fr\/","logo":{"@type":"ImageObject","inLanguage":"fr-FR","@id":"https:\/\/www.pepiniere-boisdelalau.fr\/#\/schema\/logo\/image\/","url":"","contentUrl":"","caption":"P\u00e9pini\u00e8re le bois de Lalau"},"image":{"@id":"https:\/\/www.pepiniere-boisdelalau.fr\/#\/schema\/logo\/image\/"},"sameAs":["https:\/\/www.facebook.com\/pepiniereboisdelalau"]}]}},"_links":{"self":[{"href":"https:\/\/www.pepiniere-boisdelalau.fr\/index.php\/wp-json\/wp\/v2\/pages\/12121","targetHints":{"allow":["GET"]}}],"collection":[{"href":"https:\/\/www.pepiniere-boisdelalau.fr\/index.php\/wp-json\/wp\/v2\/pages"}],"about":[{"href":"https:\/\/www.pepiniere-boisdelalau.fr\/index.php\/wp-json\/wp\/v2\/types\/page"}],"author":[{"embeddable":true,"href":"https:\/\/www.pepiniere-boisdelalau.fr\/index.php\/wp-json\/wp\/v2\/users\/1"}],"replies":[{"embeddable":true,"href":"https:\/\/www.pepiniere-boisdelalau.fr\/index.php\/wp-json\/wp\/v2\/comments?post=12121"}],"version-history":[{"count":0,"href":"https:\/\/www.pepiniere-boisdelalau.fr\/index.php\/wp-json\/wp\/v2\/pages\/12121\/revisions"}],"up":[{"embeddable":true,"href":"https:\/\/www.pepiniere-boisdelalau.fr\/index.php\/wp-json\/wp\/v2\/pages\/205"}],"wp:attachment":[{"href":"https:\/\/www.pepiniere-boisdelalau.fr\/index.php\/wp-json\/wp\/v2\/media?parent=12121"}],"curies":[{"name":"wp","href":"https:\/\/api.w.org\/{rel}","templated":true}]}}