{"id":12124,"date":"2020-04-29T00:19:43","date_gmt":"2020-04-28T22:19:43","guid":{"rendered":"https:\/\/www.pepiniere-boisdelalau.fr\/?page_id=12124"},"modified":"2024-06-25T13:19:43","modified_gmt":"2024-06-25T11:19:43","slug":"nos-grimpantes","status":"publish","type":"page","link":"https:\/\/www.pepiniere-boisdelalau.fr\/index.php\/nos-plantes\/nos-grimpantes\/","title":{"rendered":"Grimpantes"},"content":{"rendered":"\t\t<div data-elementor-type=\"wp-page\" data-elementor-id=\"12124\" class=\"elementor elementor-12124\">\n\t\t\t\t\t\t<section class=\"elementor-section elementor-top-section elementor-element elementor-element-2782a90 elementor-section-boxed elementor-section-height-default elementor-section-height-default\" data-id=\"2782a90\" data-element_type=\"section\" data-e-type=\"section\">\n\t\t\t\t\t\t<div class=\"elementor-container elementor-column-gap-default\">\n\t\t\t\t\t<div class=\"elementor-column elementor-col-100 elementor-top-column elementor-element elementor-element-85c9825\" data-id=\"85c9825\" data-element_type=\"column\" data-e-type=\"column\">\n\t\t\t<div class=\"elementor-widget-wrap elementor-element-populated\">\n\t\t\t\t\t\t<div class=\"elementor-element elementor-element-a6dba93 elementor-alert-warning elementor-hidden-desktop elementor-hidden-tablet elementor-hidden-phone elementor-widget elementor-widget-alert\" data-id=\"a6dba93\" data-element_type=\"widget\" data-e-type=\"widget\" data-widget_type=\"alert.default\">\n\t\t\t\t<div class=\"elementor-widget-container\">\n\t\t\t\t\t\t\t<div class=\"elementor-alert\" role=\"alert\">\n\n\t\t\t\t\t\t<span class=\"elementor-alert-title\"><i aria-hidden=\"true\" style=\"color:#F3D617\" class=\"fas fa-info-circle\"><\/i> Service mise en place pendant et apr\u00e8s le confinement*.<\/span>\n\t\t\t\n\t\t\t\t\t\t<span class=\"elementor-alert-description\"><p>\nVeuillez retrouver toute l'actualit\u00e9 et service mis en place sur <a href=\"https:\/\/www.pepiniere-boisdelalau.fr\/index.php\/covid-19\/\"> cette page<\/a>. \n<\/p>\n<p>\n*  <font size=\"0.4 pt\">Nous maintenons le service jusqu'au 7 mai 2021.<\/font> \n<\/p>\n<div class=\"elementor-element elementor-element-23c101f elementor-button-warning elementor-widget elementor-widget-button\" data-id=\"23c101f\" data-element_type=\"widget\" data-widget_type=\"button.default\">\n<div class=\"elementor-widget-container\">\n<div class=\"elementor-button-wrapper\">\n<a href=\"https:\/\/www.pepiniere-boisdelalau.fr\/index.php\/covid-19\/\" rel=\"nofollow\" class=\"elementor-button-link elementor-button elementor-size-md\" role=\"button\">\n<span class=\"elementor-button-content-wrapper\">\n<span class=\"elementor-button-icon elementor-align-icon-left\">\n<\/span>\n<span class=\"elementor-button-text\">Service propos\u00e9<\/span>\n<\/span>\n<\/a>\n<\/div>\n<\/div>\n<\/div><\/span>\n\t\t\t\n\t\t\t\t\t\t<button type=\"button\" class=\"elementor-alert-dismiss\" aria-label=\"Ignorer cette alerte.\">\n\t\t\t\t\t\t\t\t\t<span aria-hidden=\"true\">&times;<\/span>\n\t\t\t\t\t\t\t<\/button>\n\t\t\t\n\t\t<\/div>\n\t\t\t\t\t\t<\/div>\n\t\t\t\t<\/div>\n\t\t\t\t\t<\/div>\n\t\t<\/div>\n\t\t\t\t\t<\/div>\n\t\t<\/section>\n\t\t\t\t<section class=\"elementor-section elementor-top-section elementor-element elementor-element-b8d4810 elementor-section-boxed elementor-section-height-default elementor-section-height-default\" data-id=\"b8d4810\" data-element_type=\"section\" data-e-type=\"section\">\n\t\t\t\t\t\t<div class=\"elementor-container elementor-column-gap-default\">\n\t\t\t\t\t<div class=\"elementor-column elementor-col-100 elementor-top-column elementor-element elementor-element-7786d1a\" data-id=\"7786d1a\" data-element_type=\"column\" data-e-type=\"column\">\n\t\t\t<div class=\"elementor-widget-wrap elementor-element-populated\">\n\t\t\t\t\t\t<section class=\"elementor-section elementor-inner-section elementor-element elementor-element-400d39e elementor-section-boxed elementor-section-height-default elementor-section-height-default\" data-id=\"400d39e\" data-element_type=\"section\" data-e-type=\"section\">\n\t\t\t\t\t\t<div class=\"elementor-container elementor-column-gap-default\">\n\t\t\t\t\t<div class=\"elementor-column elementor-col-50 elementor-inner-column elementor-element elementor-element-74cf9b1\" data-id=\"74cf9b1\" data-element_type=\"column\" data-e-type=\"column\">\n\t\t\t<div class=\"elementor-widget-wrap elementor-element-populated\">\n\t\t\t\t\t\t<div class=\"elementor-element elementor-element-7126c9e elementor-widget elementor-widget-image\" data-id=\"7126c9e\" data-element_type=\"widget\" data-e-type=\"widget\" data-widget_type=\"image.default\">\n\t\t\t\t<div class=\"elementor-widget-container\">\n\t\t\t\t\t\t\t\t\t\t\t\t<figure class=\"wp-caption\">\n\t\t\t\t\t\t\t\t\t\t<img fetchpriority=\"high\" decoding=\"async\" width=\"225\" height=\"300\" src=\"https:\/\/www.pepiniere-boisdelalau.fr\/wp-content\/uploads\/2020\/10\/abutilon-megapotamicum-225x300.jpg\" class=\"attachment-medium size-medium wp-image-49022\" alt=\"\" srcset=\"https:\/\/www.pepiniere-boisdelalau.fr\/wp-content\/uploads\/2020\/10\/abutilon-megapotamicum-225x300.jpg 225w, https:\/\/www.pepiniere-boisdelalau.fr\/wp-content\/uploads\/2020\/10\/abutilon-megapotamicum.jpg 336w\" sizes=\"(max-width: 225px) 100vw, 225px\" \/>\t\t\t\t\t\t\t\t\t\t\t<figcaption class=\"widget-image-caption wp-caption-text\">Abutilon megapotamicum<\/figcaption>\n\t\t\t\t\t\t\t\t\t\t<\/figure>\n\t\t\t\t\t\t\t\t\t<\/div>\n\t\t\t\t<\/div>\n\t\t\t\t\t<\/div>\n\t\t<\/div>\n\t\t\t\t<div class=\"elementor-column elementor-col-50 elementor-inner-column elementor-element elementor-element-432970a\" data-id=\"432970a\" data-element_type=\"column\" data-e-type=\"column\">\n\t\t\t<div class=\"elementor-widget-wrap elementor-element-populated\">\n\t\t\t\t\t\t<div class=\"elementor-element elementor-element-09528c1 elementor-widget elementor-widget-text-editor\" data-id=\"09528c1\" data-element_type=\"widget\" data-e-type=\"widget\" data-widget_type=\"text-editor.default\">\n\t\t\t\t<div class=\"elementor-widget-container\">\n\t\t\t\t\t\t\t\t\t<h3 class=\"h5 mb-2\"><strong>Abutilon Megapotamicum<\/strong><\/h3><h6><small>nom commun : Lanterne chinoise famille: Malvaceae<br \/><\/small><\/h6><p>L&rsquo;abutilon ou lanterne chinoise est un arbuste rustique qui fleuri 6 mois \u00e0 8 mois. Il est class\u00e9 dans les plantes grimpant \u00e0 d\u00e9faut car il faut le palisser. Ces fleurs, sont nectarif\u00e8res, en forme de \u00ab\u00a0lanterne chinoise\u00a0\u00bb rouge et jaune avec une petite queue marron vous \u00e9merveillera. Il est rustique r\u00e9siste \u00e0 -6\u00b0C t jusqu&rsquo;\u00e0 -10\u00b0C Abrit\u00e9, son exposition de mi-ombre \u00e0 plein soleil. Il est conseill\u00e9 de le planter et de le tailler d\u00e9but au printemps.<\/p>\t\t\t\t\t\t\t\t<\/div>\n\t\t\t\t<\/div>\n\t\t\t\t\t<\/div>\n\t\t<\/div>\n\t\t\t\t\t<\/div>\n\t\t<\/section>\n\t\t\t\t<section class=\"elementor-section elementor-inner-section elementor-element elementor-element-50552f5 elementor-section-boxed elementor-section-height-default elementor-section-height-default\" data-id=\"50552f5\" data-element_type=\"section\" data-e-type=\"section\">\n\t\t\t\t\t\t<div class=\"elementor-container elementor-column-gap-default\">\n\t\t\t\t\t<div class=\"elementor-column elementor-col-50 elementor-inner-column elementor-element elementor-element-acc3311\" data-id=\"acc3311\" data-element_type=\"column\" data-e-type=\"column\">\n\t\t\t<div class=\"elementor-widget-wrap elementor-element-populated\">\n\t\t\t\t\t\t<div class=\"elementor-element elementor-element-7501ac1 elementor-widget elementor-widget-image\" data-id=\"7501ac1\" data-element_type=\"widget\" data-e-type=\"widget\" data-widget_type=\"image.default\">\n\t\t\t\t<div class=\"elementor-widget-container\">\n\t\t\t\t\t\t\t\t\t\t\t\t<figure class=\"wp-caption\">\n\t\t\t\t\t\t\t\t\t\t<img decoding=\"async\" width=\"225\" height=\"300\" src=\"https:\/\/www.pepiniere-boisdelalau.fr\/wp-content\/uploads\/2020\/10\/chevrefeuille-225x300.jpg\" class=\"attachment-medium size-medium wp-image-49134\" alt=\"\" srcset=\"https:\/\/www.pepiniere-boisdelalau.fr\/wp-content\/uploads\/2020\/10\/chevrefeuille-225x300.jpg 225w, https:\/\/www.pepiniere-boisdelalau.fr\/wp-content\/uploads\/2020\/10\/chevrefeuille-768x1024.jpg 768w, https:\/\/www.pepiniere-boisdelalau.fr\/wp-content\/uploads\/2020\/10\/chevrefeuille-1152x1536.jpg 1152w, https:\/\/www.pepiniere-boisdelalau.fr\/wp-content\/uploads\/2020\/10\/chevrefeuille-1536x2048.jpg 1536w, https:\/\/www.pepiniere-boisdelalau.fr\/wp-content\/uploads\/2020\/10\/chevrefeuille.jpg 1920w\" sizes=\"(max-width: 225px) 100vw, 225px\" \/>\t\t\t\t\t\t\t\t\t\t\t<figcaption class=\"widget-image-caption wp-caption-text\">Ch\u00e8vrefeuille<\/figcaption>\n\t\t\t\t\t\t\t\t\t\t<\/figure>\n\t\t\t\t\t\t\t\t\t<\/div>\n\t\t\t\t<\/div>\n\t\t\t\t\t<\/div>\n\t\t<\/div>\n\t\t\t\t<div class=\"elementor-column elementor-col-50 elementor-inner-column elementor-element elementor-element-39a4449\" data-id=\"39a4449\" data-element_type=\"column\" data-e-type=\"column\">\n\t\t\t<div class=\"elementor-widget-wrap elementor-element-populated\">\n\t\t\t\t\t\t<div class=\"elementor-element elementor-element-390d5ca elementor-widget elementor-widget-text-editor\" data-id=\"390d5ca\" data-element_type=\"widget\" data-e-type=\"widget\" data-widget_type=\"text-editor.default\">\n\t\t\t\t<div class=\"elementor-widget-container\">\n\t\t\t\t\t\t\t\t\t<h3>Ch\u00e8vrefeuille des bois<\/h3><h6><small>Nom scientifique : <span class=\"Eq0J8 LrzXr kno-fv\">Lonicera periclymenum<\/span> Famille : Caprifoliaceae<\/small><\/h6><p>Cette plante grimpante poss\u00e8de un feuillage caduc. Une floraison tr\u00e8s parfum\u00e9 de mai \u00e0 juin. Ce taxon est choisi pour robustesse et plus vigoureux que la vari\u00e9t\u00e9 de ch\u00e8vrefeuille grimpant. Son exposition est de l&rsquo;ombre \u00e0 ensoleill\u00e9 et r\u00e9siste bien \u00e0 la secheresse ainsi qu&rsquo;au gel.<\/p>\t\t\t\t\t\t\t\t<\/div>\n\t\t\t\t<\/div>\n\t\t\t\t\t<\/div>\n\t\t<\/div>\n\t\t\t\t\t<\/div>\n\t\t<\/section>\n\t\t\t\t<section class=\"elementor-section elementor-inner-section elementor-element elementor-element-caa32f3 elementor-section-boxed elementor-section-height-default elementor-section-height-default\" data-id=\"caa32f3\" data-element_type=\"section\" data-e-type=\"section\">\n\t\t\t\t\t\t<div class=\"elementor-container elementor-column-gap-default\">\n\t\t\t\t\t<div class=\"elementor-column elementor-col-50 elementor-inner-column elementor-element elementor-element-2cbd4bd\" data-id=\"2cbd4bd\" data-element_type=\"column\" data-e-type=\"column\">\n\t\t\t<div class=\"elementor-widget-wrap elementor-element-populated\">\n\t\t\t\t\t\t<div class=\"elementor-element elementor-element-85a3b0f elementor-widget elementor-widget-image\" data-id=\"85a3b0f\" data-element_type=\"widget\" data-e-type=\"widget\" data-widget_type=\"image.default\">\n\t\t\t\t<div class=\"elementor-widget-container\">\n\t\t\t\t\t\t\t\t\t\t\t\t<figure class=\"wp-caption\">\n\t\t\t\t\t\t\t\t\t\t<img decoding=\"async\" width=\"300\" height=\"200\" src=\"https:\/\/www.pepiniere-boisdelalau.fr\/wp-content\/uploads\/2021\/08\/clematite-tangutica-300x200.jpg\" class=\"attachment-medium size-medium wp-image-198296\" alt=\"\" srcset=\"https:\/\/www.pepiniere-boisdelalau.fr\/wp-content\/uploads\/2021\/08\/clematite-tangutica-300x200.jpg 300w, https:\/\/www.pepiniere-boisdelalau.fr\/wp-content\/uploads\/2021\/08\/clematite-tangutica-768x513.jpg 768w, https:\/\/www.pepiniere-boisdelalau.fr\/wp-content\/uploads\/2021\/08\/clematite-tangutica.jpg 1024w\" sizes=\"(max-width: 300px) 100vw, 300px\" \/>\t\t\t\t\t\t\t\t\t\t\t<figcaption class=\"widget-image-caption wp-caption-text\">cl\u00e9matite tangutica<\/figcaption>\n\t\t\t\t\t\t\t\t\t\t<\/figure>\n\t\t\t\t\t\t\t\t\t<\/div>\n\t\t\t\t<\/div>\n\t\t\t\t\t<\/div>\n\t\t<\/div>\n\t\t\t\t<div class=\"elementor-column elementor-col-50 elementor-inner-column elementor-element elementor-element-272c7eb\" data-id=\"272c7eb\" data-element_type=\"column\" data-e-type=\"column\">\n\t\t\t<div class=\"elementor-widget-wrap elementor-element-populated\">\n\t\t\t\t\t\t<div class=\"elementor-element elementor-element-ddc8b4d elementor-widget elementor-widget-text-editor\" data-id=\"ddc8b4d\" data-element_type=\"widget\" data-e-type=\"widget\" data-widget_type=\"text-editor.default\">\n\t\t\t\t<div class=\"elementor-widget-container\">\n\t\t\t\t\t\t\t\t\t<h3>Cl\u00e9matite Tangutica<\/h3><h6><small>Nom scientifique : Clematis tangutica Famille : Renonculac\u00e9es<br \/><\/small><\/h6><div class=\"flex flex-grow flex-col max-w-full\"><div class=\"min-h-[20px] text-message flex flex-col items-start gap-3 whitespace-pre-wrap break-words [.text-message+&amp;]:mt-5 overflow-x-auto\" data-message-author-role=\"assistant\" data-message-id=\"974458bc-c07c-499c-9197-17c0a5aa7e5c\"><div class=\"markdown prose w-full break-words dark:prose-invert light\"><p>La Cl\u00e9matite Tangutica, \u00e9galement connue sous le nom de Clematis tangutica, se distingue en tant que plante grimpante remarquable. La cl\u00e9matite tangutica est une plante grimpante avec une floraison abondante tout l&rsquo;\u00e9t\u00e9, de juin \u00e0 octobre, en clochettes jaunes retombantes. Ses fleurs d&rsquo;un jaune \u00e9clatant illuminent le jardin, cr\u00e9ant un spectacle visuel enchanteur. Originaire d&rsquo;Asie, cette esp\u00e8ce pr\u00e9sente une croissance vigoureuse, s&rsquo;enroulant avec \u00e9l\u00e9gance autour de treillis ou de pergolas.<\/p><p>La Cl\u00e9matite Tangutica offre une r\u00e9sistance aux maladies et une facilit\u00e9 d&rsquo;entretien appr\u00e9ciables. Elle peut couvrir facilement un grillage, atteignant des dimensions de 3x6m. En r\u00e9sum\u00e9, cette plante allie esth\u00e9tisme et praticit\u00e9, en faisant une option pris\u00e9e pour agr\u00e9menter tout jardin.<\/p><\/div><\/div><\/div>\t\t\t\t\t\t\t\t<\/div>\n\t\t\t\t<\/div>\n\t\t\t\t\t<\/div>\n\t\t<\/div>\n\t\t\t\t\t<\/div>\n\t\t<\/section>\n\t\t\t\t<section class=\"elementor-section elementor-inner-section elementor-element elementor-element-25ed1c3 elementor-section-boxed elementor-section-height-default elementor-section-height-default\" data-id=\"25ed1c3\" data-element_type=\"section\" data-e-type=\"section\">\n\t\t\t\t\t\t<div class=\"elementor-container elementor-column-gap-default\">\n\t\t\t\t\t<div class=\"elementor-column elementor-col-50 elementor-inner-column elementor-element elementor-element-fbb6923\" data-id=\"fbb6923\" data-element_type=\"column\" data-e-type=\"column\">\n\t\t\t<div class=\"elementor-widget-wrap\">\n\t\t\t\t\t\t\t<\/div>\n\t\t<\/div>\n\t\t\t\t<div class=\"elementor-column elementor-col-50 elementor-inner-column elementor-element elementor-element-b4fdf30\" data-id=\"b4fdf30\" data-element_type=\"column\" data-e-type=\"column\">\n\t\t\t<div class=\"elementor-widget-wrap elementor-element-populated\">\n\t\t\t\t\t\t<div class=\"elementor-element elementor-element-a6061f0 elementor-widget elementor-widget-text-editor\" data-id=\"a6061f0\" data-element_type=\"widget\" data-e-type=\"widget\" data-widget_type=\"text-editor.default\">\n\t\t\t\t<div class=\"elementor-widget-container\">\n\t\t\t\t\t\t\t\t\t<h3>Lierre<\/h3><div><h6><small>Nom scientifique : Hedera helix\u00a0 Famille : Araliaceae<\/small><\/h6><p>Le lierre est une plante grimpante persistante, r\u00e9put\u00e9e pour ses feuilles vert fonc\u00e9, luisantes et caract\u00e9ristiques en forme de lobes. Il prosp\u00e8re dans des conditions vari\u00e9es, s&rsquo;adaptant \u00e0 l&rsquo;ombre et au soleil partiel. Souvent utilis\u00e9 comme plante ornementale pour couvrir des murs ou des treillis, le lierre ajoute une touche de verdure luxuriante aux espaces ext\u00e9rieurs. Outre son attrait esth\u00e9tique, cette plante joue un r\u00f4le \u00e9cologique en fournissant un abri et de la nourriture \u00e0 diverses esp\u00e8ces de la faune.<\/p><p>Le Hedera helix poss\u00e8de une histoire riche en symbolisme, \u00e9tant souvent associ\u00e9 \u00e0 la protection, \u00e0 la fid\u00e9lit\u00e9 et \u00e0 l&rsquo;amiti\u00e9. En r\u00e9sum\u00e9, le lierre repr\u00e9sente une plante polyvalente, esth\u00e9tiquement plaisante et dot\u00e9e de significations symboliques profondes.<\/p><\/div>\t\t\t\t\t\t\t\t<\/div>\n\t\t\t\t<\/div>\n\t\t\t\t\t<\/div>\n\t\t<\/div>\n\t\t\t\t\t<\/div>\n\t\t<\/section>\n\t\t\t\t<section class=\"elementor-section elementor-inner-section elementor-element elementor-element-ba4191f elementor-section-boxed elementor-section-height-default elementor-section-height-default\" data-id=\"ba4191f\" data-element_type=\"section\" data-e-type=\"section\">\n\t\t\t\t\t\t<div class=\"elementor-container elementor-column-gap-default\">\n\t\t\t\t\t<div class=\"elementor-column elementor-col-50 elementor-inner-column elementor-element elementor-element-f7be3f7\" data-id=\"f7be3f7\" data-element_type=\"column\" data-e-type=\"column\">\n\t\t\t<div class=\"elementor-widget-wrap elementor-element-populated\">\n\t\t\t\t\t\t<div class=\"elementor-element elementor-element-1e5cc22 elementor-widget elementor-widget-image\" data-id=\"1e5cc22\" data-element_type=\"widget\" data-e-type=\"widget\" data-widget_type=\"image.default\">\n\t\t\t\t<div class=\"elementor-widget-container\">\n\t\t\t\t\t\t\t\t\t\t\t\t<figure class=\"wp-caption\">\n\t\t\t\t\t\t\t\t\t\t<img loading=\"lazy\" decoding=\"async\" width=\"225\" height=\"300\" src=\"https:\/\/www.pepiniere-boisdelalau.fr\/wp-content\/uploads\/2021\/03\/passiflora-caerulea-225x300.jpg\" class=\"attachment-medium size-medium wp-image-86516\" alt=\"\" srcset=\"https:\/\/www.pepiniere-boisdelalau.fr\/wp-content\/uploads\/2021\/03\/passiflora-caerulea-225x300.jpg 225w, https:\/\/www.pepiniere-boisdelalau.fr\/wp-content\/uploads\/2021\/03\/passiflora-caerulea-768x1024.jpg 768w, https:\/\/www.pepiniere-boisdelalau.fr\/wp-content\/uploads\/2021\/03\/passiflora-caerulea-1152x1536.jpg 1152w, https:\/\/www.pepiniere-boisdelalau.fr\/wp-content\/uploads\/2021\/03\/passiflora-caerulea-1536x2048.jpg 1536w, https:\/\/www.pepiniere-boisdelalau.fr\/wp-content\/uploads\/2021\/03\/passiflora-caerulea.jpg 1920w\" sizes=\"(max-width: 225px) 100vw, 225px\" \/>\t\t\t\t\t\t\t\t\t\t\t<figcaption class=\"widget-image-caption wp-caption-text\">Passiflora caerulea<\/figcaption>\n\t\t\t\t\t\t\t\t\t\t<\/figure>\n\t\t\t\t\t\t\t\t\t<\/div>\n\t\t\t\t<\/div>\n\t\t\t\t\t<\/div>\n\t\t<\/div>\n\t\t\t\t<div class=\"elementor-column elementor-col-50 elementor-inner-column elementor-element elementor-element-2f00630\" data-id=\"2f00630\" data-element_type=\"column\" data-e-type=\"column\">\n\t\t\t<div class=\"elementor-widget-wrap elementor-element-populated\">\n\t\t\t\t\t\t<div class=\"elementor-element elementor-element-7799d50 elementor-widget elementor-widget-text-editor\" data-id=\"7799d50\" data-element_type=\"widget\" data-e-type=\"widget\" data-widget_type=\"text-editor.default\">\n\t\t\t\t<div class=\"elementor-widget-container\">\n\t\t\t\t\t\t\t\t\t<h3>Passiflore<\/h3><div><h6><small>Nom scientifique : Passiflora caerulea Famille : Passifloraceae<br \/><\/small><\/h6><p>La Passiflore, affectueusement nomm\u00e9e \u00ab\u00a0passiflore c\u00e9leste\u00a0\u00bb dans notre p\u00e9pini\u00e8re, est une esp\u00e8ce de passiflore originaire d&rsquo;Am\u00e9rique du Sud. Cette plante grimpante est pris\u00e9e pour la splendeur de ses fleurs et la curiosit\u00e9 de son feuillage. Les caract\u00e9ristiques distinctives de la Passiflore comprennent des fleurs parfum\u00e9es, avec des corolles \u00e9labor\u00e9es et des appendices en forme de couronne. Les feuilles de cette passiflore sont g\u00e9n\u00e9ralement trilob\u00e9es et ajoutent \u00e0 l&rsquo;attrait esth\u00e9tique de la plante.<\/p><p><em>Ses fruits<\/em>, d&rsquo;une teinte orang\u00e9e et d&rsquo;une forme ovo\u00efde, se r\u00e9v\u00e8lent comestibles, bien que leur saveur soit mod\u00e9r\u00e9e.<\/p><p>Cultiv\u00e9e \u00e0 des fins ornementales, la Passiflore C\u00e9leste, comme nous l&rsquo;appelons affectueusement, est appr\u00e9ci\u00e9e dans les jardins pour son aspect exotique et son parfum enivrant. Outre son r\u00f4le d\u00e9coratif, certains la consid\u00e8rent pour ses utilisations m\u00e9dicinales, bien que son principal attrait r\u00e9side souvent dans sa contribution \u00e0 la beaut\u00e9 des espaces paysagers. En somme, la Passiflora caerulea offre une combinaison unique de traits visuels s\u00e9duisants, de parfum enivrant et de potentiel m\u00e9dicinal, faisant d&rsquo;elle une plante captivante \u00e0 int\u00e9grer harmonieusement dans votre jardin.<\/p><\/div>\t\t\t\t\t\t\t\t<\/div>\n\t\t\t\t<\/div>\n\t\t\t\t\t<\/div>\n\t\t<\/div>\n\t\t\t\t\t<\/div>\n\t\t<\/section>\n\t\t\t\t<section class=\"elementor-section elementor-inner-section elementor-element elementor-element-c3264ff elementor-section-boxed elementor-section-height-default elementor-section-height-default\" data-id=\"c3264ff\" data-element_type=\"section\" data-e-type=\"section\">\n\t\t\t\t\t\t<div class=\"elementor-container elementor-column-gap-default\">\n\t\t\t\t\t<div class=\"elementor-column elementor-col-50 elementor-inner-column elementor-element elementor-element-1b4ab46\" data-id=\"1b4ab46\" data-element_type=\"column\" data-e-type=\"column\">\n\t\t\t<div class=\"elementor-widget-wrap\">\n\t\t\t\t\t\t\t<\/div>\n\t\t<\/div>\n\t\t\t\t<div class=\"elementor-column elementor-col-50 elementor-inner-column elementor-element elementor-element-500f49b\" data-id=\"500f49b\" data-element_type=\"column\" data-e-type=\"column\">\n\t\t\t<div class=\"elementor-widget-wrap elementor-element-populated\">\n\t\t\t\t\t\t<div class=\"elementor-element elementor-element-c3fab2e elementor-widget elementor-widget-text-editor\" data-id=\"c3fab2e\" data-element_type=\"widget\" data-e-type=\"widget\" data-widget_type=\"text-editor.default\">\n\t\t\t\t<div class=\"elementor-widget-container\">\n\t\t\t\t\t\t\t\t\t<h3>Vigne-vierge<\/h3><div><h6><small>Nom scientifique : Parthenocissus tricuspidata Famille : Vitaceae<br \/><\/small><\/h6><p>La vigne-vierge, originaire d&rsquo;Extr\u00eame-Orient, est une plante grimpante vigoureuse largement appr\u00e9ci\u00e9e pour sa capacit\u00e9 \u00e0 couvrir rapidement les surfaces verticales de murs ou de treillis. Ses feuilles caduques, compos\u00e9es de trois lobes dentel\u00e9s, offrent un magnifique feuillage vert vif en \u00e9t\u00e9, apportant une touche de fra\u00eecheur \u00e0 l&rsquo;environnement. Cette plante adaptable cr\u00e9e une palette de rouges, oranges et pourpres \u00e9clatants \u00e0 l&rsquo;automne, ajoutant une explosion de couleurs.<\/p><p>La vigne-vierge, avec sa nature fra\u00eeche et polyvalente, est id\u00e9ale pour orner les fa\u00e7ades des b\u00e2timents, camoufler des cl\u00f4tures ou cr\u00e9er des \u00e9crans naturels. Son charme saisonnier en fait un choix populaire dans le monde de l&rsquo;am\u00e9nagement paysager, \u00e9gayant les espaces ext\u00e9rieurs avec sa beaut\u00e9 changeante.<\/p><\/div>\t\t\t\t\t\t\t\t<\/div>\n\t\t\t\t<\/div>\n\t\t\t\t\t<\/div>\n\t\t<\/div>\n\t\t\t\t\t<\/div>\n\t\t<\/section>\n\t\t\t\t\t<\/div>\n\t\t<\/div>\n\t\t\t\t\t<\/div>\n\t\t<\/section>\n\t\t\t\t<\/div>\n\t\t","protected":false},"excerpt":{"rendered":"","protected":false},"author":1,"featured_media":0,"parent":205,"menu_order":0,"comment_status":"closed","ping_status":"closed","template":"template-builder.php","meta":{"inline_featured_image":false,"_themeisle_gutenberg_block_has_review":false,"footnotes":""},"class_list":["post-12124","page","type-page","status-publish","hentry"],"yoast_head":"<!-- This site is optimized with the Yoast SEO plugin v27.5 - https:\/\/yoast.com\/product\/yoast-seo-wordpress\/ -->\n<title>Grimpantes - P\u00e9pini\u00e8re du bois de Lalau<\/title>\n<meta name=\"description\" content=\"Retrouvez toutes les plantes grimpantes que nous produisons (Abutilon, Ch\u00e8vrefeuille des bois, Cl\u00e9matite Tangutica, Passiflore, etc ...).\" \/>\n<meta name=\"robots\" content=\"index, follow, max-snippet:-1, max-image-preview:large, max-video-preview:-1\" \/>\n<link rel=\"canonical\" href=\"https:\/\/www.pepiniere-boisdelalau.fr\/index.php\/nos-plantes\/nos-grimpantes\/\" \/>\n<script type=\"application\/ld+json\" class=\"yoast-schema-graph\">{\"@context\":\"https:\\\/\\\/schema.org\",\"@graph\":[{\"@type\":\"WebPage\",\"@id\":\"https:\\\/\\\/www.pepiniere-boisdelalau.fr\\\/index.php\\\/nos-plantes\\\/nos-grimpantes\\\/\",\"url\":\"https:\\\/\\\/www.pepiniere-boisdelalau.fr\\\/index.php\\\/nos-plantes\\\/nos-grimpantes\\\/\",\"name\":\"Grimpantes - P\u00e9pini\u00e8re du bois de Lalau\",\"isPartOf\":{\"@id\":\"https:\\\/\\\/www.pepiniere-boisdelalau.fr\\\/#website\"},\"datePublished\":\"2020-04-28T22:19:43+00:00\",\"dateModified\":\"2024-06-25T11:19:43+00:00\",\"description\":\"Retrouvez toutes les plantes grimpantes que nous produisons (Abutilon, Ch\u00e8vrefeuille des bois, Cl\u00e9matite Tangutica, Passiflore, etc ...).\",\"breadcrumb\":{\"@id\":\"https:\\\/\\\/www.pepiniere-boisdelalau.fr\\\/index.php\\\/nos-plantes\\\/nos-grimpantes\\\/#breadcrumb\"},\"inLanguage\":\"fr-FR\",\"potentialAction\":[{\"@type\":\"ReadAction\",\"target\":[\"https:\\\/\\\/www.pepiniere-boisdelalau.fr\\\/index.php\\\/nos-plantes\\\/nos-grimpantes\\\/\"]}]},{\"@type\":\"BreadcrumbList\",\"@id\":\"https:\\\/\\\/www.pepiniere-boisdelalau.fr\\\/index.php\\\/nos-plantes\\\/nos-grimpantes\\\/#breadcrumb\",\"itemListElement\":[{\"@type\":\"ListItem\",\"position\":1,\"name\":\"Accueil\",\"item\":\"https:\\\/\\\/www.pepiniere-boisdelalau.fr\\\/\"},{\"@type\":\"ListItem\",\"position\":2,\"name\":\"Nos plantes\",\"item\":\"https:\\\/\\\/www.pepiniere-boisdelalau.fr\\\/index.php\\\/nos-plantes\\\/\"},{\"@type\":\"ListItem\",\"position\":3,\"name\":\"Accueil \u00bb Nos plantes \u00bb Grimpantes\"}]},{\"@type\":\"WebSite\",\"@id\":\"https:\\\/\\\/www.pepiniere-boisdelalau.fr\\\/#website\",\"url\":\"https:\\\/\\\/www.pepiniere-boisdelalau.fr\\\/\",\"name\":\"P\u00e9pini\u00e8re le bois de Lalau\",\"description\":\"P\u00e9pini\u00e8riste paysan-producteur\",\"publisher\":{\"@id\":\"https:\\\/\\\/www.pepiniere-boisdelalau.fr\\\/#organization\"},\"potentialAction\":[{\"@type\":\"SearchAction\",\"target\":{\"@type\":\"EntryPoint\",\"urlTemplate\":\"https:\\\/\\\/www.pepiniere-boisdelalau.fr\\\/?s={search_term_string}\"},\"query-input\":{\"@type\":\"PropertyValueSpecification\",\"valueRequired\":true,\"valueName\":\"search_term_string\"}}],\"inLanguage\":\"fr-FR\"},{\"@type\":\"Organization\",\"@id\":\"https:\\\/\\\/www.pepiniere-boisdelalau.fr\\\/#organization\",\"name\":\"P\u00e9pini\u00e8re le bois de Lalau\",\"url\":\"https:\\\/\\\/www.pepiniere-boisdelalau.fr\\\/\",\"logo\":{\"@type\":\"ImageObject\",\"inLanguage\":\"fr-FR\",\"@id\":\"https:\\\/\\\/www.pepiniere-boisdelalau.fr\\\/#\\\/schema\\\/logo\\\/image\\\/\",\"url\":\"\",\"contentUrl\":\"\",\"caption\":\"P\u00e9pini\u00e8re le bois de Lalau\"},\"image\":{\"@id\":\"https:\\\/\\\/www.pepiniere-boisdelalau.fr\\\/#\\\/schema\\\/logo\\\/image\\\/\"},\"sameAs\":[\"https:\\\/\\\/www.facebook.com\\\/pepiniereboisdelalau\"]}]}<\/script>\n<!-- \/ Yoast SEO plugin. -->","yoast_head_json":{"title":"Grimpantes - P\u00e9pini\u00e8re du bois de Lalau","description":"Retrouvez toutes les plantes grimpantes que nous produisons (Abutilon, Ch\u00e8vrefeuille des bois, Cl\u00e9matite Tangutica, Passiflore, etc ...).","robots":{"index":"index","follow":"follow","max-snippet":"max-snippet:-1","max-image-preview":"max-image-preview:large","max-video-preview":"max-video-preview:-1"},"canonical":"https:\/\/www.pepiniere-boisdelalau.fr\/index.php\/nos-plantes\/nos-grimpantes\/","schema":{"@context":"https:\/\/schema.org","@graph":[{"@type":"WebPage","@id":"https:\/\/www.pepiniere-boisdelalau.fr\/index.php\/nos-plantes\/nos-grimpantes\/","url":"https:\/\/www.pepiniere-boisdelalau.fr\/index.php\/nos-plantes\/nos-grimpantes\/","name":"Grimpantes - P\u00e9pini\u00e8re du bois de Lalau","isPartOf":{"@id":"https:\/\/www.pepiniere-boisdelalau.fr\/#website"},"datePublished":"2020-04-28T22:19:43+00:00","dateModified":"2024-06-25T11:19:43+00:00","description":"Retrouvez toutes les plantes grimpantes que nous produisons (Abutilon, Ch\u00e8vrefeuille des bois, Cl\u00e9matite Tangutica, Passiflore, etc ...).","breadcrumb":{"@id":"https:\/\/www.pepiniere-boisdelalau.fr\/index.php\/nos-plantes\/nos-grimpantes\/#breadcrumb"},"inLanguage":"fr-FR","potentialAction":[{"@type":"ReadAction","target":["https:\/\/www.pepiniere-boisdelalau.fr\/index.php\/nos-plantes\/nos-grimpantes\/"]}]},{"@type":"BreadcrumbList","@id":"https:\/\/www.pepiniere-boisdelalau.fr\/index.php\/nos-plantes\/nos-grimpantes\/#breadcrumb","itemListElement":[{"@type":"ListItem","position":1,"name":"Accueil","item":"https:\/\/www.pepiniere-boisdelalau.fr\/"},{"@type":"ListItem","position":2,"name":"Nos plantes","item":"https:\/\/www.pepiniere-boisdelalau.fr\/index.php\/nos-plantes\/"},{"@type":"ListItem","position":3,"name":"Accueil \u00bb Nos plantes \u00bb Grimpantes"}]},{"@type":"WebSite","@id":"https:\/\/www.pepiniere-boisdelalau.fr\/#website","url":"https:\/\/www.pepiniere-boisdelalau.fr\/","name":"P\u00e9pini\u00e8re le bois de Lalau","description":"P\u00e9pini\u00e8riste paysan-producteur","publisher":{"@id":"https:\/\/www.pepiniere-boisdelalau.fr\/#organization"},"potentialAction":[{"@type":"SearchAction","target":{"@type":"EntryPoint","urlTemplate":"https:\/\/www.pepiniere-boisdelalau.fr\/?s={search_term_string}"},"query-input":{"@type":"PropertyValueSpecification","valueRequired":true,"valueName":"search_term_string"}}],"inLanguage":"fr-FR"},{"@type":"Organization","@id":"https:\/\/www.pepiniere-boisdelalau.fr\/#organization","name":"P\u00e9pini\u00e8re le bois de Lalau","url":"https:\/\/www.pepiniere-boisdelalau.fr\/","logo":{"@type":"ImageObject","inLanguage":"fr-FR","@id":"https:\/\/www.pepiniere-boisdelalau.fr\/#\/schema\/logo\/image\/","url":"","contentUrl":"","caption":"P\u00e9pini\u00e8re le bois de Lalau"},"image":{"@id":"https:\/\/www.pepiniere-boisdelalau.fr\/#\/schema\/logo\/image\/"},"sameAs":["https:\/\/www.facebook.com\/pepiniereboisdelalau"]}]}},"_links":{"self":[{"href":"https:\/\/www.pepiniere-boisdelalau.fr\/index.php\/wp-json\/wp\/v2\/pages\/12124","targetHints":{"allow":["GET"]}}],"collection":[{"href":"https:\/\/www.pepiniere-boisdelalau.fr\/index.php\/wp-json\/wp\/v2\/pages"}],"about":[{"href":"https:\/\/www.pepiniere-boisdelalau.fr\/index.php\/wp-json\/wp\/v2\/types\/page"}],"author":[{"embeddable":true,"href":"https:\/\/www.pepiniere-boisdelalau.fr\/index.php\/wp-json\/wp\/v2\/users\/1"}],"replies":[{"embeddable":true,"href":"https:\/\/www.pepiniere-boisdelalau.fr\/index.php\/wp-json\/wp\/v2\/comments?post=12124"}],"version-history":[{"count":0,"href":"https:\/\/www.pepiniere-boisdelalau.fr\/index.php\/wp-json\/wp\/v2\/pages\/12124\/revisions"}],"up":[{"embeddable":true,"href":"https:\/\/www.pepiniere-boisdelalau.fr\/index.php\/wp-json\/wp\/v2\/pages\/205"}],"wp:attachment":[{"href":"https:\/\/www.pepiniere-boisdelalau.fr\/index.php\/wp-json\/wp\/v2\/media?parent=12124"}],"curies":[{"name":"wp","href":"https:\/\/api.w.org\/{rel}","templated":true}]}}